{"id":1390,"date":"2024-03-05T09:22:36","date_gmt":"2024-03-05T08:22:36","guid":{"rendered":"https:\/\/malandaincjc.greenshift.eu\/?page_id=1390"},"modified":"2024-04-12T13:31:56","modified_gmt":"2024-04-12T11:31:56","slug":"edition-2016","status":"publish","type":"page","link":"https:\/\/www.concours-de-jeunes-choregraphes.com\/en\/edition-2016\/","title":{"rendered":"EDITION 2016"},"content":{"rendered":"<div data-elementor-type=\"wp-page\" data-elementor-id=\"1390\" class=\"elementor elementor-1390\" data-elementor-post-type=\"page\">\n\t\t\t\t\t\t<section class=\"elementor-section elementor-top-section elementor-element elementor-element-8de828a elementor-section-full_width elementor-section-stretched elementor-section-height-default elementor-section-height-default\" data-id=\"8de828a\" data-element_type=\"section\" data-settings=\"{&quot;stretch_section&quot;:&quot;section-stretched&quot;,&quot;jet_parallax_layout_list&quot;:[]}\">\n\t\t\t\t\t\t<div class=\"elementor-container elementor-column-gap-default\">\n\t\t\t\t\t<div class=\"elementor-column elementor-col-100 elementor-top-column elementor-element elementor-element-899b64f\" data-id=\"899b64f\" data-element_type=\"column\">\n\t\t\t<div class=\"elementor-widget-wrap elementor-element-populated\">\n\t\t\t\t\t\t<div class=\"elementor-element elementor-element-620bbe5 elementor-widget__width-inherit elementor-widget elementor-widget-image\" data-id=\"620bbe5\" data-element_type=\"widget\" data-widget_type=\"image.default\">\n\t\t\t\t<div class=\"elementor-widget-container\">\n\t\t\t\t\t\t\t\t\t\t\t\t\t\t\t<img fetchpriority=\"high\" decoding=\"async\" width=\"1024\" height=\"683\" src=\"https:\/\/www.concours-de-jeunes-choregraphes.com\/wp-content\/uploads\/2024\/04\/Olaf-Kollmannsperger_The-Cooking-Show-\u00a9-Olivier-Houeix-001-1024x683.jpg\" class=\"attachment-large size-large wp-image-2424\" alt=\"\" srcset=\"https:\/\/www.concours-de-jeunes-choregraphes.com\/wp-content\/uploads\/2024\/04\/Olaf-Kollmannsperger_The-Cooking-Show-\u00a9-Olivier-Houeix-001-1024x683.jpg 1024w, https:\/\/www.concours-de-jeunes-choregraphes.com\/wp-content\/uploads\/2024\/04\/Olaf-Kollmannsperger_The-Cooking-Show-\u00a9-Olivier-Houeix-001-300x200.jpg 300w, https:\/\/www.concours-de-jeunes-choregraphes.com\/wp-content\/uploads\/2024\/04\/Olaf-Kollmannsperger_The-Cooking-Show-\u00a9-Olivier-Houeix-001-768x512.jpg 768w, https:\/\/www.concours-de-jeunes-choregraphes.com\/wp-content\/uploads\/2024\/04\/Olaf-Kollmannsperger_The-Cooking-Show-\u00a9-Olivier-Houeix-001-1536x1024.jpg 1536w, https:\/\/www.concours-de-jeunes-choregraphes.com\/wp-content\/uploads\/2024\/04\/Olaf-Kollmannsperger_The-Cooking-Show-\u00a9-Olivier-Houeix-001-18x12.jpg 18w\" sizes=\"(max-width: 1024px) 100vw, 1024px\" \/>\t\t\t\t\t\t\t\t\t\t\t\t\t\t\t<\/div>\n\t\t\t\t<\/div>\n\t\t\t\t\t<\/div>\n\t\t<\/div>\n\t\t\t\t\t<\/div>\n\t\t<\/section>\n\t\t\t\t<section class=\"elementor-section elementor-top-section elementor-element elementor-element-d296817 elementor-section-boxed elementor-section-height-default elementor-section-height-default\" data-id=\"d296817\" data-element_type=\"section\" data-settings=\"{&quot;jet_parallax_layout_list&quot;:[]}\">\n\t\t\t\t\t\t<div class=\"elementor-container elementor-column-gap-default\">\n\t\t\t\t\t<div class=\"elementor-column elementor-col-100 elementor-top-column elementor-element elementor-element-eb456d4\" data-id=\"eb456d4\" data-element_type=\"column\">\n\t\t\t<div class=\"elementor-widget-wrap elementor-element-populated\">\n\t\t\t\t\t\t<div class=\"elementor-element elementor-element-7c4fe37 elementor-widget elementor-widget-heading\" data-id=\"7c4fe37\" data-element_type=\"widget\" data-widget_type=\"heading.default\">\n\t\t\t\t<div class=\"elementor-widget-container\">\n\t\t\t\t\t<h2 class=\"elementor-heading-title elementor-size-default\">2016 EDITION - BIARRITZ<\/h2>\t\t\t\t<\/div>\n\t\t\t\t<\/div>\n\t\t\t\t\t<\/div>\n\t\t<\/div>\n\t\t\t\t\t<\/div>\n\t\t<\/section>\n\t\t\t\t<section class=\"elementor-section elementor-top-section elementor-element elementor-element-8ac0f20 elementor-section-boxed elementor-section-height-default elementor-section-height-default\" data-id=\"8ac0f20\" data-element_type=\"section\" data-settings=\"{&quot;jet_parallax_layout_list&quot;:[]}\">\n\t\t\t\t\t\t<div class=\"elementor-container elementor-column-gap-default\">\n\t\t\t\t\t<div class=\"elementor-column elementor-col-100 elementor-top-column elementor-element elementor-element-0fc5dd5\" data-id=\"0fc5dd5\" data-element_type=\"column\">\n\t\t\t<div class=\"elementor-widget-wrap elementor-element-populated\">\n\t\t\t\t\t\t<div class=\"elementor-element elementor-element-1cbdbbe elementor-widget elementor-widget-spacer\" data-id=\"1cbdbbe\" data-element_type=\"widget\" data-widget_type=\"spacer.default\">\n\t\t\t\t<div class=\"elementor-widget-container\">\n\t\t\t\t\t\t\t<div class=\"elementor-spacer\">\n\t\t\t<div class=\"elementor-spacer-inner\"><\/div>\n\t\t<\/div>\n\t\t\t\t\t\t<\/div>\n\t\t\t\t<\/div>\n\t\t\t\t\t<\/div>\n\t\t<\/div>\n\t\t\t\t\t<\/div>\n\t\t<\/section>\n\t\t\t\t<section class=\"elementor-section elementor-top-section elementor-element elementor-element-ad9612d elementor-section-boxed elementor-section-height-default elementor-section-height-default\" data-id=\"ad9612d\" data-element_type=\"section\" data-settings=\"{&quot;jet_parallax_layout_list&quot;:[]}\">\n\t\t\t\t\t\t<div class=\"elementor-container elementor-column-gap-default\">\n\t\t\t\t\t<div class=\"elementor-column elementor-col-100 elementor-top-column elementor-element elementor-element-be5b529\" data-id=\"be5b529\" data-element_type=\"column\">\n\t\t\t<div class=\"elementor-widget-wrap elementor-element-populated\">\n\t\t\t\t\t\t<div class=\"elementor-element elementor-element-b80a4a4 elementor-widget elementor-widget-heading\" data-id=\"b80a4a4\" data-element_type=\"widget\" data-widget_type=\"heading.default\">\n\t\t\t\t<div class=\"elementor-widget-container\">\n\t\t\t\t\t<h2 class=\"elementor-heading-title elementor-size-default\">Results<\/h2>\t\t\t\t<\/div>\n\t\t\t\t<\/div>\n\t\t\t\t\t<\/div>\n\t\t<\/div>\n\t\t\t\t\t<\/div>\n\t\t<\/section>\n\t\t\t\t<section class=\"elementor-section elementor-top-section elementor-element elementor-element-9ecb3f0 elementor-section-boxed elementor-section-height-default elementor-section-height-default\" data-id=\"9ecb3f0\" data-element_type=\"section\" data-settings=\"{&quot;jet_parallax_layout_list&quot;:[]}\">\n\t\t\t\t\t\t<div class=\"elementor-container elementor-column-gap-default\">\n\t\t\t\t\t<div class=\"elementor-column elementor-col-100 elementor-top-column elementor-element elementor-element-8041ecd\" data-id=\"8041ecd\" data-element_type=\"column\">\n\t\t\t<div class=\"elementor-widget-wrap elementor-element-populated\">\n\t\t\t\t\t\t<section class=\"elementor-section elementor-inner-section elementor-element elementor-element-2f9a2c4 elementor-section-boxed elementor-section-height-default elementor-section-height-default\" data-id=\"2f9a2c4\" data-element_type=\"section\" data-settings=\"{&quot;jet_parallax_layout_list&quot;:[]}\">\n\t\t\t\t\t\t<div class=\"elementor-container elementor-column-gap-default\">\n\t\t\t\t\t<div class=\"elementor-column elementor-col-50 elementor-inner-column elementor-element elementor-element-84a5a82\" data-id=\"84a5a82\" data-element_type=\"column\">\n\t\t\t<div class=\"elementor-widget-wrap elementor-element-populated\">\n\t\t\t\t\t\t<div class=\"elementor-element elementor-element-2c6b77f elementor-widget elementor-widget-text-editor\" data-id=\"2c6b77f\" data-element_type=\"widget\" data-widget_type=\"text-editor.default\">\n\t\t\t\t<div class=\"elementor-widget-container\">\n\t\t\t\t\t\t\t\t\t<p class=\"s26\"><strong><span class=\"s6\">The results of the 1<sup>st<\/sup><\/span><\/strong><span class=\"s6\"><strong> Young classical and neoclassical choreographers contest at the Gare du Midi in Biarritz on 16 April 2016<\/strong> :<\/span><\/p><p><a href=\"https:\/\/youtu.be\/bWJ1y5xbCAg\"><span class=\"s41\">Video summary of the final<\/span><\/a><\/p><p class=\"s34\"><strong><span class=\"s41\">First <\/span><span class=\"s41\">prize <\/span><\/strong><\/p><p class=\"s34\"><a href=\"https:\/\/youtu.be\/Og1lQJn99Ys\"><em><span class=\"s41\">To be continued <\/span><\/em><\/a><span class=\"s41\">by <\/span><span class=\"s16\">Xenia <\/span><span class=\"s16\">Wiest<\/span><span class=\"s16\">, (<\/span><span class=\"s16\">Staatsballett<\/span><span class=\"s16\"> Berlin)<\/span><br \/><span class=\"s6\">Created for the Ballet de l'Op\u00e9ra National de Bordeaux<\/span><\/p><p class=\"s34\"><strong><span class=\"s41\">Second prize<\/span><\/strong><span class=\"s43\"><br \/><\/span><span class=\"s41\">Dance Professionals Award<\/span><span class=\"s43\"><br \/><\/span><span class=\"s41\">Audience Award<\/span><\/p><p class=\"s26\"><span class=\"s16\"><a href=\"https:\/\/youtu.be\/C2lq6IDOSFM\"><em>Prince<\/em><\/a> by Martin <\/span><span class=\"s16\">Harriague<\/span><span class=\"s16\">, <br \/><\/span><span class=\"s16\">(<\/span><span class=\"s16\">Kibbutz<\/span> <span class=\"s16\">Contemporary<\/span><span class=\"s16\"> Dance <\/span><span class=\"s16\">Company<\/span><span class=\"s16\">)<\/span><br \/><span class=\"s6\">Creation for Malandain Ballet Biarritz<\/span><\/p><p class=\"s34\"><strong><span class=\"s41\">Fondation de la Danse Prize<\/span><\/strong><\/p><p class=\"s34\"><a href=\"https:\/\/youtu.be\/5BRz-35-XsU\"><em><span class=\"s41\">Love, Fear, <\/span><\/em><\/a><span class=\"s41\"><a href=\"https:\/\/youtu.be\/5BRz-35-XsU\"><em>Loss<\/em><\/a> by <\/span><span class=\"s16\">Ricardo Amarante, (Ballet royal de Flandre)<\/span><\/p>\t\t\t\t\t\t\t\t<\/div>\n\t\t\t\t<\/div>\n\t\t\t\t\t<\/div>\n\t\t<\/div>\n\t\t\t\t<div class=\"elementor-column elementor-col-50 elementor-inner-column elementor-element elementor-element-316edda\" data-id=\"316edda\" data-element_type=\"column\">\n\t\t\t<div class=\"elementor-widget-wrap elementor-element-populated\">\n\t\t\t\t\t\t<div class=\"elementor-element elementor-element-13048d4 elementor-widget elementor-widget-video\" data-id=\"13048d4\" data-element_type=\"widget\" data-settings=\"{&quot;youtube_url&quot;:&quot;https:\\\/\\\/www.youtube.com\\\/watch?v=bWJ1y5xbCAg&quot;,&quot;video_type&quot;:&quot;youtube&quot;,&quot;controls&quot;:&quot;yes&quot;}\" data-widget_type=\"video.default\">\n\t\t\t\t<div class=\"elementor-widget-container\">\n\t\t\t\t\t\t\t<div class=\"elementor-wrapper elementor-open-inline\">\n\t\t\t<div class=\"elementor-video\"><\/div>\t\t<\/div>\n\t\t\t\t\t\t<\/div>\n\t\t\t\t<\/div>\n\t\t\t\t<div class=\"elementor-element elementor-element-fc1973f elementor-widget elementor-widget-image\" data-id=\"fc1973f\" data-element_type=\"widget\" data-widget_type=\"image.default\">\n\t\t\t\t<div class=\"elementor-widget-container\">\n\t\t\t\t\t\t\t\t\t\t\t\t\t\t\t<img decoding=\"async\" width=\"2048\" height=\"1365\" src=\"https:\/\/www.concours-de-jeunes-choregraphes.com\/wp-content\/uploads\/2024\/04\/Remise-des-Prix-le-jury-et-les-6-choregraphes-finalistes-\u00a9-Olivier-Houeix-2048x1365.jpg\" class=\"attachment-2048x2048 size-2048x2048 wp-image-2304\" alt=\"\" srcset=\"https:\/\/www.concours-de-jeunes-choregraphes.com\/wp-content\/uploads\/2024\/04\/Remise-des-Prix-le-jury-et-les-6-choregraphes-finalistes-\u00a9-Olivier-Houeix-2048x1365.jpg 2048w, https:\/\/www.concours-de-jeunes-choregraphes.com\/wp-content\/uploads\/2024\/04\/Remise-des-Prix-le-jury-et-les-6-choregraphes-finalistes-\u00a9-Olivier-Houeix-300x200.jpg 300w, https:\/\/www.concours-de-jeunes-choregraphes.com\/wp-content\/uploads\/2024\/04\/Remise-des-Prix-le-jury-et-les-6-choregraphes-finalistes-\u00a9-Olivier-Houeix-1024x683.jpg 1024w, https:\/\/www.concours-de-jeunes-choregraphes.com\/wp-content\/uploads\/2024\/04\/Remise-des-Prix-le-jury-et-les-6-choregraphes-finalistes-\u00a9-Olivier-Houeix-768x512.jpg 768w, https:\/\/www.concours-de-jeunes-choregraphes.com\/wp-content\/uploads\/2024\/04\/Remise-des-Prix-le-jury-et-les-6-choregraphes-finalistes-\u00a9-Olivier-Houeix-1536x1024.jpg 1536w, https:\/\/www.concours-de-jeunes-choregraphes.com\/wp-content\/uploads\/2024\/04\/Remise-des-Prix-le-jury-et-les-6-choregraphes-finalistes-\u00a9-Olivier-Houeix-18x12.jpg 18w\" sizes=\"(max-width: 2048px) 100vw, 2048px\" \/>\t\t\t\t\t\t\t\t\t\t\t\t\t\t\t<\/div>\n\t\t\t\t<\/div>\n\t\t\t\t\t<\/div>\n\t\t<\/div>\n\t\t\t\t\t<\/div>\n\t\t<\/section>\n\t\t\t\t<div class=\"elementor-element elementor-element-d997401 elementor-skin-slideshow elementor-arrows-yes elementor-widget elementor-widget-media-carousel\" data-id=\"d997401\" data-element_type=\"widget\" data-settings=\"{&quot;skin&quot;:&quot;slideshow&quot;,&quot;effect&quot;:&quot;slide&quot;,&quot;show_arrows&quot;:&quot;yes&quot;,&quot;speed&quot;:500,&quot;autoplay&quot;:&quot;yes&quot;,&quot;autoplay_speed&quot;:5000,&quot;loop&quot;:&quot;yes&quot;,&quot;pause_on_hover&quot;:&quot;yes&quot;,&quot;pause_on_interaction&quot;:&quot;yes&quot;,&quot;space_between&quot;:{&quot;unit&quot;:&quot;px&quot;,&quot;size&quot;:10,&quot;sizes&quot;:[]},&quot;space_between_tablet&quot;:{&quot;unit&quot;:&quot;px&quot;,&quot;size&quot;:10,&quot;sizes&quot;:[]},&quot;space_between_mobile&quot;:{&quot;unit&quot;:&quot;px&quot;,&quot;size&quot;:10,&quot;sizes&quot;:[]}}\" data-widget_type=\"media-carousel.default\">\n\t\t\t\t<div class=\"elementor-widget-container\">\n\t\t\t\t\t\t\t<div class=\"elementor-swiper\">\n\t\t\t<div class=\"elementor-main-swiper swiper-container\">\n\t\t\t\t<div class=\"swiper-wrapper\">\n\t\t\t\t\t\t\t\t\t\t\t<div class=\"swiper-slide\">\n\t\t\t\t\t\t\t\t\t<div class=\"elementor-carousel-image\" role=\"img\" aria-label=\"Olaf Kollmannsperger_The Cooking Show \u00a9 Olivier Houeix 001\" style=\"background-image: url(&#039;https:\/\/www.concours-de-jeunes-choregraphes.com\/wp-content\/uploads\/2024\/04\/Olaf-Kollmannsperger_The-Cooking-Show-\u00a9-Olivier-Houeix-001.jpg&#039;)\">\n\n\t\t\t\n\t\t\t\t\t<\/div>\n\t\t\t\t\t\t\t\t<\/div>\n\t\t\t\t\t\t\t\t\t\t\t<div class=\"swiper-slide\">\n\t\t\t\t\t\t\t\t\t<div class=\"elementor-carousel-image\" role=\"img\" aria-label=\"Olaf Kollmannsperger_The Cooking Show \u00a9 Olivier Houeix 002\" style=\"background-image: url(&#039;https:\/\/www.concours-de-jeunes-choregraphes.com\/wp-content\/uploads\/2024\/04\/Olaf-Kollmannsperger_The-Cooking-Show-\u00a9-Olivier-Houeix-002.jpg&#039;)\">\n\n\t\t\t\n\t\t\t\t\t<\/div>\n\t\t\t\t\t\t\t\t<\/div>\n\t\t\t\t\t\t\t\t\t\t\t<div class=\"swiper-slide\">\n\t\t\t\t\t\t\t\t\t<div class=\"elementor-carousel-image\" role=\"img\" aria-label=\"Olaf Kollmannsperger_The Cooking Show \u00a9 Olivier Houeix 003\" style=\"background-image: url(&#039;https:\/\/www.concours-de-jeunes-choregraphes.com\/wp-content\/uploads\/2024\/04\/Olaf-Kollmannsperger_The-Cooking-Show-\u00a9-Olivier-Houeix-003.jpg&#039;)\">\n\n\t\t\t\n\t\t\t\t\t<\/div>\n\t\t\t\t\t\t\t\t<\/div>\n\t\t\t\t\t\t\t\t\t\t\t<div class=\"swiper-slide\">\n\t\t\t\t\t\t\t\t\t<div class=\"elementor-carousel-image\" role=\"img\" aria-label=\"Ricardo Amarante_Love, Fear, Loss \u00a9 Olivier Houeix 001\" style=\"background-image: url(&#039;https:\/\/www.concours-de-jeunes-choregraphes.com\/wp-content\/uploads\/2024\/04\/Ricardo-Amarante_Love-Fear-Loss-\u00a9-Olivier-Houeix-001.jpg&#039;)\">\n\n\t\t\t\n\t\t\t\t\t<\/div>\n\t\t\t\t\t\t\t\t<\/div>\n\t\t\t\t\t\t\t\t\t\t\t<div class=\"swiper-slide\">\n\t\t\t\t\t\t\t\t\t<div class=\"elementor-carousel-image\" role=\"img\" aria-label=\"Ricardo Amarante_Love, Fear, Loss \u00a9 Olivier Houeix 002\" style=\"background-image: url(&#039;https:\/\/www.concours-de-jeunes-choregraphes.com\/wp-content\/uploads\/2024\/04\/Ricardo-Amarante_Love-Fear-Loss-\u00a9-Olivier-Houeix-002.jpg&#039;)\">\n\n\t\t\t\n\t\t\t\t\t<\/div>\n\t\t\t\t\t\t\t\t<\/div>\n\t\t\t\t\t\t\t\t\t\t\t<div class=\"swiper-slide\">\n\t\t\t\t\t\t\t\t\t<div class=\"elementor-carousel-image\" role=\"img\" aria-label=\"Ricardo Amarante_Love, Fear, Loss \u00a9 Olivier Houeix 003\" style=\"background-image: url(&#039;https:\/\/www.concours-de-jeunes-choregraphes.com\/wp-content\/uploads\/2024\/04\/Ricardo-Amarante_Love-Fear-Loss-\u00a9-Olivier-Houeix-003.jpg&#039;)\">\n\n\t\t\t\n\t\t\t\t\t<\/div>\n\t\t\t\t\t\t\t\t<\/div>\n\t\t\t\t\t\t\t\t\t\t\t<div class=\"swiper-slide\">\n\t\t\t\t\t\t\t\t\t<div class=\"elementor-carousel-image\" role=\"img\" aria-label=\"Vitali Safronkine_Moving Resonance \u00a9 Olivier Houeix 001\" style=\"background-image: url(&#039;https:\/\/www.concours-de-jeunes-choregraphes.com\/wp-content\/uploads\/2024\/04\/Vitali-Safronkine_Moving-Resonance-\u00a9-Olivier-Houeix-001.jpg&#039;)\">\n\n\t\t\t\n\t\t\t\t\t<\/div>\n\t\t\t\t\t\t\t\t<\/div>\n\t\t\t\t\t\t\t\t\t\t\t<div class=\"swiper-slide\">\n\t\t\t\t\t\t\t\t\t<div class=\"elementor-carousel-image\" role=\"img\" aria-label=\"Vitali Safronkine_Moving Resonance \u00a9 Olivier Houeix 002\" style=\"background-image: url(&#039;https:\/\/www.concours-de-jeunes-choregraphes.com\/wp-content\/uploads\/2024\/04\/Vitali-Safronkine_Moving-Resonance-\u00a9-Olivier-Houeix-002.jpg&#039;)\">\n\n\t\t\t\n\t\t\t\t\t<\/div>\n\t\t\t\t\t\t\t\t<\/div>\n\t\t\t\t\t\t\t\t\t\t\t<div class=\"swiper-slide\">\n\t\t\t\t\t\t\t\t\t<div class=\"elementor-carousel-image\" role=\"img\" aria-label=\"Vitali Safronkine_Moving Resonance \u00a9 Olivier Houeix 003\" style=\"background-image: url(&#039;https:\/\/www.concours-de-jeunes-choregraphes.com\/wp-content\/uploads\/2024\/04\/Vitali-Safronkine_Moving-Resonance-\u00a9-Olivier-Houeix-003.jpg&#039;)\">\n\n\t\t\t\n\t\t\t\t\t<\/div>\n\t\t\t\t\t\t\t\t<\/div>\n\t\t\t\t\t\t\t\t\t\t\t<div class=\"swiper-slide\">\n\t\t\t\t\t\t\t\t\t<div class=\"elementor-carousel-image\" role=\"img\" aria-label=\"Yvon Demol_Oui \u00a9 Olivier Houeix 001\" style=\"background-image: url(&#039;https:\/\/www.concours-de-jeunes-choregraphes.com\/wp-content\/uploads\/2024\/04\/Yvon-Demol_Oui-\u00a9-Olivier-Houeix-001.jpg&#039;)\">\n\n\t\t\t\n\t\t\t\t\t<\/div>\n\t\t\t\t\t\t\t\t<\/div>\n\t\t\t\t\t\t\t\t\t\t\t<div class=\"swiper-slide\">\n\t\t\t\t\t\t\t\t\t<div class=\"elementor-carousel-image\" role=\"img\" aria-label=\"Yvon Demol_Oui \u00a9 Olivier Houeix 002\" style=\"background-image: url(&#039;https:\/\/www.concours-de-jeunes-choregraphes.com\/wp-content\/uploads\/2024\/04\/Yvon-Demol_Oui-\u00a9-Olivier-Houeix-002.jpg&#039;)\">\n\n\t\t\t\n\t\t\t\t\t<\/div>\n\t\t\t\t\t\t\t\t<\/div>\n\t\t\t\t\t\t\t\t\t\t\t<div class=\"swiper-slide\">\n\t\t\t\t\t\t\t\t\t<div class=\"elementor-carousel-image\" role=\"img\" aria-label=\"Yvon Demol_Oui \u00a9 Olivier Houeix 002\" style=\"background-image: url(&#039;https:\/\/www.concours-de-jeunes-choregraphes.com\/wp-content\/uploads\/2024\/04\/Yvon-Demol_Oui-\u00a9-Olivier-Houeix-002.jpg&#039;)\">\n\n\t\t\t\n\t\t\t\t\t<\/div>\n\t\t\t\t\t\t\t\t<\/div>\n\t\t\t\t\t\t\t\t\t\t\t<div class=\"swiper-slide\">\n\t\t\t\t\t\t\t\t\t<div class=\"elementor-carousel-image\" role=\"img\" aria-label=\"Martin Harriague_Prince \u00a9 Olivier Houeix 001\" style=\"background-image: url(&#039;https:\/\/www.concours-de-jeunes-choregraphes.com\/wp-content\/uploads\/2024\/04\/Martin-Harriague_Prince-\u00a9-Olivier-Houeix-001-1.jpg&#039;)\">\n\n\t\t\t\n\t\t\t\t\t<\/div>\n\t\t\t\t\t\t\t\t<\/div>\n\t\t\t\t\t\t\t\t\t\t\t<div class=\"swiper-slide\">\n\t\t\t\t\t\t\t\t\t<div class=\"elementor-carousel-image\" role=\"img\" aria-label=\"Martin Harriague_Prince \u00a9 Olivier Houeix 002\" style=\"background-image: url(&#039;https:\/\/www.concours-de-jeunes-choregraphes.com\/wp-content\/uploads\/2024\/04\/Martin-Harriague_Prince-\u00a9-Olivier-Houeix-002.jpg&#039;)\">\n\n\t\t\t\n\t\t\t\t\t<\/div>\n\t\t\t\t\t\t\t\t<\/div>\n\t\t\t\t\t\t\t\t\t\t\t<div class=\"swiper-slide\">\n\t\t\t\t\t\t\t\t\t<div class=\"elementor-carousel-image\" role=\"img\" aria-label=\"Martin Harriague et ses danseurs \u00a9 Olivier Houeix\" style=\"background-image: url(&#039;https:\/\/www.concours-de-jeunes-choregraphes.com\/wp-content\/uploads\/2024\/04\/Martin-Harriague-et-ses-danseurs-\u00a9-Olivier-Houeix.jpg&#039;)\">\n\n\t\t\t\n\t\t\t\t\t<\/div>\n\t\t\t\t\t\t\t\t<\/div>\n\t\t\t\t\t\t\t\t\t\t\t<div class=\"swiper-slide\">\n\t\t\t\t\t\t\t\t\t<div class=\"elementor-carousel-image\" role=\"img\" aria-label=\"Xenia Wiest_To be continued \u00a9 Olivier Houeix 001\" style=\"background-image: url(&#039;https:\/\/www.concours-de-jeunes-choregraphes.com\/wp-content\/uploads\/2024\/04\/Xenia-Wiest_To-be-continued-\u00a9-Olivier-Houeix-001.jpg&#039;)\">\n\n\t\t\t\n\t\t\t\t\t<\/div>\n\t\t\t\t\t\t\t\t<\/div>\n\t\t\t\t\t\t\t\t\t\t\t<div class=\"swiper-slide\">\n\t\t\t\t\t\t\t\t\t<div class=\"elementor-carousel-image\" role=\"img\" aria-label=\"Xenia Wiest_To be continued \u00a9 Olivier Houeix 002\" style=\"background-image: url(&#039;https:\/\/www.concours-de-jeunes-choregraphes.com\/wp-content\/uploads\/2024\/04\/Xenia-Wiest_To-be-continued-\u00a9-Olivier-Houeix-002.jpg&#039;)\">\n\n\t\t\t\n\t\t\t\t\t<\/div>\n\t\t\t\t\t\t\t\t<\/div>\n\t\t\t\t\t\t\t\t\t\t\t<div class=\"swiper-slide\">\n\t\t\t\t\t\t\t\t\t<div class=\"elementor-carousel-image\" role=\"img\" aria-label=\"Xenia Wiest et ses danseurs \u00a9 Olivier Houeix\" style=\"background-image: url(&#039;https:\/\/www.concours-de-jeunes-choregraphes.com\/wp-content\/uploads\/2024\/04\/Xenia-Wiest-et-ses-danseurs-\u00a9-Olivier-Houeix.jpg&#039;)\">\n\n\t\t\t\n\t\t\t\t\t<\/div>\n\t\t\t\t\t\t\t\t<\/div>\n\t\t\t\t\t\t\t\t\t<\/div>\n\t\t\t\t\t\t\t\t\t\t\t\t\t\t\t\t\t\t\t\t<div class=\"elementor-swiper-button elementor-swiper-button-prev\" role=\"button\" tabindex=\"0\">\n\t\t\t\t\t\t\t<i aria-hidden=\"true\" class=\"eicon-chevron-left\"><\/i>\t\t\t\t\t\t\t<span class=\"elementor-screen-only\">Previous<\/span>\n\t\t\t\t\t\t<\/div>\n\t\t\t\t\t\t<div class=\"elementor-swiper-button elementor-swiper-button-next\" role=\"button\" tabindex=\"0\">\n\t\t\t\t\t\t\t<i aria-hidden=\"true\" class=\"eicon-chevron-right\"><\/i>\t\t\t\t\t\t\t<span class=\"elementor-screen-only\">Next<\/span>\n\t\t\t\t\t\t<\/div>\n\t\t\t\t\t\t\t\t\t\t\t\t<\/div>\n\t\t<\/div>\n\t\t\t\t<div class=\"elementor-swiper\">\n\t\t\t<div class=\"elementor-thumbnails-swiper swiper-container\">\n\t\t\t\t<div class=\"swiper-wrapper\">\n\t\t\t\t\t\t\t\t\t\t\t<div class=\"swiper-slide\">\n\t\t\t\t\t\t\t\t\t<div class=\"elementor-carousel-image\" role=\"img\" aria-label=\"Olaf Kollmannsperger_The Cooking Show \u00a9 Olivier Houeix 001\" style=\"background-image: url(&#039;https:\/\/www.concours-de-jeunes-choregraphes.com\/wp-content\/uploads\/2024\/04\/Olaf-Kollmannsperger_The-Cooking-Show-\u00a9-Olivier-Houeix-001.jpg&#039;)\">\n\n\t\t\t\n\t\t\t\t\t<\/div>\n\t\t\t\t\t\t\t\t<\/div>\n\t\t\t\t\t\t\t\t\t\t\t<div class=\"swiper-slide\">\n\t\t\t\t\t\t\t\t\t<div class=\"elementor-carousel-image\" role=\"img\" aria-label=\"Olaf Kollmannsperger_The Cooking Show \u00a9 Olivier Houeix 002\" style=\"background-image: url(&#039;https:\/\/www.concours-de-jeunes-choregraphes.com\/wp-content\/uploads\/2024\/04\/Olaf-Kollmannsperger_The-Cooking-Show-\u00a9-Olivier-Houeix-002.jpg&#039;)\">\n\n\t\t\t\n\t\t\t\t\t<\/div>\n\t\t\t\t\t\t\t\t<\/div>\n\t\t\t\t\t\t\t\t\t\t\t<div class=\"swiper-slide\">\n\t\t\t\t\t\t\t\t\t<div class=\"elementor-carousel-image\" role=\"img\" aria-label=\"Olaf Kollmannsperger_The Cooking Show \u00a9 Olivier Houeix 003\" style=\"background-image: url(&#039;https:\/\/www.concours-de-jeunes-choregraphes.com\/wp-content\/uploads\/2024\/04\/Olaf-Kollmannsperger_The-Cooking-Show-\u00a9-Olivier-Houeix-003.jpg&#039;)\">\n\n\t\t\t\n\t\t\t\t\t<\/div>\n\t\t\t\t\t\t\t\t<\/div>\n\t\t\t\t\t\t\t\t\t\t\t<div class=\"swiper-slide\">\n\t\t\t\t\t\t\t\t\t<div class=\"elementor-carousel-image\" role=\"img\" aria-label=\"Ricardo Amarante_Love, Fear, Loss \u00a9 Olivier Houeix 001\" style=\"background-image: url(&#039;https:\/\/www.concours-de-jeunes-choregraphes.com\/wp-content\/uploads\/2024\/04\/Ricardo-Amarante_Love-Fear-Loss-\u00a9-Olivier-Houeix-001.jpg&#039;)\">\n\n\t\t\t\n\t\t\t\t\t<\/div>\n\t\t\t\t\t\t\t\t<\/div>\n\t\t\t\t\t\t\t\t\t\t\t<div class=\"swiper-slide\">\n\t\t\t\t\t\t\t\t\t<div class=\"elementor-carousel-image\" role=\"img\" aria-label=\"Ricardo Amarante_Love, Fear, Loss \u00a9 Olivier Houeix 002\" style=\"background-image: url(&#039;https:\/\/www.concours-de-jeunes-choregraphes.com\/wp-content\/uploads\/2024\/04\/Ricardo-Amarante_Love-Fear-Loss-\u00a9-Olivier-Houeix-002.jpg&#039;)\">\n\n\t\t\t\n\t\t\t\t\t<\/div>\n\t\t\t\t\t\t\t\t<\/div>\n\t\t\t\t\t\t\t\t\t\t\t<div class=\"swiper-slide\">\n\t\t\t\t\t\t\t\t\t<div class=\"elementor-carousel-image\" role=\"img\" aria-label=\"Ricardo Amarante_Love, Fear, Loss \u00a9 Olivier Houeix 003\" style=\"background-image: url(&#039;https:\/\/www.concours-de-jeunes-choregraphes.com\/wp-content\/uploads\/2024\/04\/Ricardo-Amarante_Love-Fear-Loss-\u00a9-Olivier-Houeix-003.jpg&#039;)\">\n\n\t\t\t\n\t\t\t\t\t<\/div>\n\t\t\t\t\t\t\t\t<\/div>\n\t\t\t\t\t\t\t\t\t\t\t<div class=\"swiper-slide\">\n\t\t\t\t\t\t\t\t\t<div class=\"elementor-carousel-image\" role=\"img\" aria-label=\"Vitali Safronkine_Moving Resonance \u00a9 Olivier Houeix 001\" style=\"background-image: url(&#039;https:\/\/www.concours-de-jeunes-choregraphes.com\/wp-content\/uploads\/2024\/04\/Vitali-Safronkine_Moving-Resonance-\u00a9-Olivier-Houeix-001.jpg&#039;)\">\n\n\t\t\t\n\t\t\t\t\t<\/div>\n\t\t\t\t\t\t\t\t<\/div>\n\t\t\t\t\t\t\t\t\t\t\t<div class=\"swiper-slide\">\n\t\t\t\t\t\t\t\t\t<div class=\"elementor-carousel-image\" role=\"img\" aria-label=\"Vitali Safronkine_Moving Resonance \u00a9 Olivier Houeix 002\" style=\"background-image: url(&#039;https:\/\/www.concours-de-jeunes-choregraphes.com\/wp-content\/uploads\/2024\/04\/Vitali-Safronkine_Moving-Resonance-\u00a9-Olivier-Houeix-002.jpg&#039;)\">\n\n\t\t\t\n\t\t\t\t\t<\/div>\n\t\t\t\t\t\t\t\t<\/div>\n\t\t\t\t\t\t\t\t\t\t\t<div class=\"swiper-slide\">\n\t\t\t\t\t\t\t\t\t<div class=\"elementor-carousel-image\" role=\"img\" aria-label=\"Vitali Safronkine_Moving Resonance \u00a9 Olivier Houeix 003\" style=\"background-image: url(&#039;https:\/\/www.concours-de-jeunes-choregraphes.com\/wp-content\/uploads\/2024\/04\/Vitali-Safronkine_Moving-Resonance-\u00a9-Olivier-Houeix-003.jpg&#039;)\">\n\n\t\t\t\n\t\t\t\t\t<\/div>\n\t\t\t\t\t\t\t\t<\/div>\n\t\t\t\t\t\t\t\t\t\t\t<div class=\"swiper-slide\">\n\t\t\t\t\t\t\t\t\t<div class=\"elementor-carousel-image\" role=\"img\" aria-label=\"Yvon Demol_Oui \u00a9 Olivier Houeix 001\" style=\"background-image: url(&#039;https:\/\/www.concours-de-jeunes-choregraphes.com\/wp-content\/uploads\/2024\/04\/Yvon-Demol_Oui-\u00a9-Olivier-Houeix-001.jpg&#039;)\">\n\n\t\t\t\n\t\t\t\t\t<\/div>\n\t\t\t\t\t\t\t\t<\/div>\n\t\t\t\t\t\t\t\t\t\t\t<div class=\"swiper-slide\">\n\t\t\t\t\t\t\t\t\t<div class=\"elementor-carousel-image\" role=\"img\" aria-label=\"Yvon Demol_Oui \u00a9 Olivier Houeix 002\" style=\"background-image: url(&#039;https:\/\/www.concours-de-jeunes-choregraphes.com\/wp-content\/uploads\/2024\/04\/Yvon-Demol_Oui-\u00a9-Olivier-Houeix-002.jpg&#039;)\">\n\n\t\t\t\n\t\t\t\t\t<\/div>\n\t\t\t\t\t\t\t\t<\/div>\n\t\t\t\t\t\t\t\t\t\t\t<div class=\"swiper-slide\">\n\t\t\t\t\t\t\t\t\t<div class=\"elementor-carousel-image\" role=\"img\" aria-label=\"Yvon Demol_Oui \u00a9 Olivier Houeix 002\" style=\"background-image: url(&#039;https:\/\/www.concours-de-jeunes-choregraphes.com\/wp-content\/uploads\/2024\/04\/Yvon-Demol_Oui-\u00a9-Olivier-Houeix-002.jpg&#039;)\">\n\n\t\t\t\n\t\t\t\t\t<\/div>\n\t\t\t\t\t\t\t\t<\/div>\n\t\t\t\t\t\t\t\t\t\t\t<div class=\"swiper-slide\">\n\t\t\t\t\t\t\t\t\t<div class=\"elementor-carousel-image\" role=\"img\" aria-label=\"Martin Harriague_Prince \u00a9 Olivier Houeix 001\" style=\"background-image: url(&#039;https:\/\/www.concours-de-jeunes-choregraphes.com\/wp-content\/uploads\/2024\/04\/Martin-Harriague_Prince-\u00a9-Olivier-Houeix-001-1.jpg&#039;)\">\n\n\t\t\t\n\t\t\t\t\t<\/div>\n\t\t\t\t\t\t\t\t<\/div>\n\t\t\t\t\t\t\t\t\t\t\t<div class=\"swiper-slide\">\n\t\t\t\t\t\t\t\t\t<div class=\"elementor-carousel-image\" role=\"img\" aria-label=\"Martin Harriague_Prince \u00a9 Olivier Houeix 002\" style=\"background-image: url(&#039;https:\/\/www.concours-de-jeunes-choregraphes.com\/wp-content\/uploads\/2024\/04\/Martin-Harriague_Prince-\u00a9-Olivier-Houeix-002.jpg&#039;)\">\n\n\t\t\t\n\t\t\t\t\t<\/div>\n\t\t\t\t\t\t\t\t<\/div>\n\t\t\t\t\t\t\t\t\t\t\t<div class=\"swiper-slide\">\n\t\t\t\t\t\t\t\t\t<div class=\"elementor-carousel-image\" role=\"img\" aria-label=\"Martin Harriague et ses danseurs \u00a9 Olivier Houeix\" style=\"background-image: url(&#039;https:\/\/www.concours-de-jeunes-choregraphes.com\/wp-content\/uploads\/2024\/04\/Martin-Harriague-et-ses-danseurs-\u00a9-Olivier-Houeix.jpg&#039;)\">\n\n\t\t\t\n\t\t\t\t\t<\/div>\n\t\t\t\t\t\t\t\t<\/div>\n\t\t\t\t\t\t\t\t\t\t\t<div class=\"swiper-slide\">\n\t\t\t\t\t\t\t\t\t<div class=\"elementor-carousel-image\" role=\"img\" aria-label=\"Xenia Wiest_To be continued \u00a9 Olivier Houeix 001\" style=\"background-image: url(&#039;https:\/\/www.concours-de-jeunes-choregraphes.com\/wp-content\/uploads\/2024\/04\/Xenia-Wiest_To-be-continued-\u00a9-Olivier-Houeix-001.jpg&#039;)\">\n\n\t\t\t\n\t\t\t\t\t<\/div>\n\t\t\t\t\t\t\t\t<\/div>\n\t\t\t\t\t\t\t\t\t\t\t<div class=\"swiper-slide\">\n\t\t\t\t\t\t\t\t\t<div class=\"elementor-carousel-image\" role=\"img\" aria-label=\"Xenia Wiest_To be continued \u00a9 Olivier Houeix 002\" style=\"background-image: url(&#039;https:\/\/www.concours-de-jeunes-choregraphes.com\/wp-content\/uploads\/2024\/04\/Xenia-Wiest_To-be-continued-\u00a9-Olivier-Houeix-002.jpg&#039;)\">\n\n\t\t\t\n\t\t\t\t\t<\/div>\n\t\t\t\t\t\t\t\t<\/div>\n\t\t\t\t\t\t\t\t\t\t\t<div class=\"swiper-slide\">\n\t\t\t\t\t\t\t\t\t<div class=\"elementor-carousel-image\" role=\"img\" aria-label=\"Xenia Wiest et ses danseurs \u00a9 Olivier Houeix\" style=\"background-image: url(&#039;https:\/\/www.concours-de-jeunes-choregraphes.com\/wp-content\/uploads\/2024\/04\/Xenia-Wiest-et-ses-danseurs-\u00a9-Olivier-Houeix.jpg&#039;)\">\n\n\t\t\t\n\t\t\t\t\t<\/div>\n\t\t\t\t\t\t\t\t<\/div>\n\t\t\t\t\t\t\t\t\t<\/div>\n\t\t\t\t\t\t\t\t\t\t\t\t\t\t\t\t\t\t\t\t\t<\/div>\n\t\t<\/div>\n\t\t\t\t\t\t<\/div>\n\t\t\t\t<\/div>\n\t\t\t\t\t<\/div>\n\t\t<\/div>\n\t\t\t\t\t<\/div>\n\t\t<\/section>\n\t\t\t\t<section class=\"elementor-section elementor-top-section elementor-element elementor-element-dd0dfba elementor-section-boxed elementor-section-height-default elementor-section-height-default\" data-id=\"dd0dfba\" data-element_type=\"section\" data-settings=\"{&quot;jet_parallax_layout_list&quot;:[]}\">\n\t\t\t\t\t\t<div class=\"elementor-container elementor-column-gap-default\">\n\t\t\t\t\t<div class=\"elementor-column elementor-col-100 elementor-top-column elementor-element elementor-element-76e4fc9\" data-id=\"76e4fc9\" data-element_type=\"column\">\n\t\t\t<div class=\"elementor-widget-wrap elementor-element-populated\">\n\t\t\t\t\t\t<div class=\"elementor-element elementor-element-33f6a53 elementor-widget-divider--view-line elementor-widget elementor-widget-divider\" data-id=\"33f6a53\" data-element_type=\"widget\" data-widget_type=\"divider.default\">\n\t\t\t\t<div class=\"elementor-widget-container\">\n\t\t\t\t\t\t\t<div class=\"elementor-divider\">\n\t\t\t<span class=\"elementor-divider-separator\">\n\t\t\t\t\t\t<\/span>\n\t\t<\/div>\n\t\t\t\t\t\t<\/div>\n\t\t\t\t<\/div>\n\t\t\t\t\t<\/div>\n\t\t<\/div>\n\t\t\t\t\t<\/div>\n\t\t<\/section>\n\t\t\t\t<section class=\"elementor-section elementor-top-section elementor-element elementor-element-517a019 elementor-section-boxed elementor-section-height-default elementor-section-height-default\" data-id=\"517a019\" data-element_type=\"section\" data-settings=\"{&quot;jet_parallax_layout_list&quot;:[]}\">\n\t\t\t\t\t\t<div class=\"elementor-container elementor-column-gap-default\">\n\t\t\t\t\t<div class=\"elementor-column elementor-col-100 elementor-top-column elementor-element elementor-element-0d4973c\" data-id=\"0d4973c\" data-element_type=\"column\">\n\t\t\t<div class=\"elementor-widget-wrap elementor-element-populated\">\n\t\t\t\t\t\t<div class=\"elementor-element elementor-element-6ee9fd7 elementor-widget elementor-widget-heading\" data-id=\"6ee9fd7\" data-element_type=\"widget\" data-widget_type=\"heading.default\">\n\t\t\t\t<div class=\"elementor-widget-container\">\n\t\t\t\t\t<h2 class=\"elementor-heading-title elementor-size-default\">Acknowledgements<\/h2>\t\t\t\t<\/div>\n\t\t\t\t<\/div>\n\t\t\t\t\t<\/div>\n\t\t<\/div>\n\t\t\t\t\t<\/div>\n\t\t<\/section>\n\t\t\t\t<section class=\"elementor-section elementor-top-section elementor-element elementor-element-6d737e9 elementor-section-boxed elementor-section-height-default elementor-section-height-default\" data-id=\"6d737e9\" data-element_type=\"section\" data-settings=\"{&quot;jet_parallax_layout_list&quot;:[]}\">\n\t\t\t\t\t\t<div class=\"elementor-container elementor-column-gap-default\">\n\t\t\t\t\t<div class=\"elementor-column elementor-col-100 elementor-top-column elementor-element elementor-element-c4b9971\" data-id=\"c4b9971\" data-element_type=\"column\">\n\t\t\t<div class=\"elementor-widget-wrap elementor-element-populated\">\n\t\t\t\t\t\t<div class=\"elementor-element elementor-element-e279b79 elementor-widget elementor-widget-text-editor\" data-id=\"e279b79\" data-element_type=\"widget\" data-widget_type=\"text-editor.default\">\n\t\t\t\t<div class=\"elementor-widget-container\">\n\t\t\t\t\t\t\t\t\t<p><strong><span class=\"s16\">Thank you to the other finalists<\/span><\/strong><span class=\"s6\"><strong>&nbsp;:<\/strong>&nbsp;<\/span><\/p><p><span class=\"s6\">Olaf&nbsp;<\/span><span class=\"s6\">Kollmannsperger<\/span><span class=\"s6\">&nbsp;(<\/span><span class=\"s6\">Staatsballett<\/span><span class=\"s6\">&nbsp;Berlin) ; Yvon Demol (Ballet de l\u2019Op\u00e9ra national de Paris) ; Vitali&nbsp;<\/span><span class=\"s6\">Safronkine<\/span><span class=\"s6\">&nbsp;(B\u00e9jart Ballet Lausanne) and to all the performers.<\/span>&nbsp;<span class=\"s16\">Thank you to the public and to all the dance professionals<\/span><span class=\"s6\">&nbsp;journalists, programmers, institutions, company directors and administrators, choreographers and dancers from all over Europe.<\/span>&nbsp;<span class=\"s16\">Thank you to the event's partners for their invaluable support<\/span><span class=\"s6\">&nbsp;:&nbsp;<\/span><span class=\"s6\">ministry<\/span><span class=\"s6\">&nbsp;of the Culture and of the Communication,&nbsp;<\/span><span class=\"s6\">Repetto<\/span><span class=\"s6\">, H\u00f4tel du Palais, Champagne&nbsp;<\/span><span class=\"s6\">Delamotte<\/span><span class=\"s6\">Fondation de la Danse and Origine Ateliers, for the creation of the trophies.<\/span>&nbsp;<span class=\"s16\">Thank you to the members of the Jury<\/span><span class=\"s6\">&nbsp;: H\u00e9l\u00e8ne&nbsp;<\/span><span class=\"s6\">Tra\u00efline<\/span><span class=\"s6\">, Kader Belarbi, Ivan&nbsp;<\/span><span class=\"s6\">Cavallari<\/span><span class=\"s6\">, Charles Jude et Thierry Malandain.<\/span>&nbsp;<span class=\"s6\">Thanks to Richard&nbsp;<\/span><span class=\"s6\">Flahaut<\/span><span class=\"s6\">&nbsp;for the presentation and to Thomas&nbsp;<\/span><span class=\"s6\">Valverde<\/span><span class=\"s6\">pianist and director of the Biarritz International Classical Piano Festival.<\/span><\/p>\t\t\t\t\t\t\t\t<\/div>\n\t\t\t\t<\/div>\n\t\t\t\t\t<\/div>\n\t\t<\/div>\n\t\t\t\t\t<\/div>\n\t\t<\/section>\n\t\t\t\t<\/div>","protected":false},"excerpt":{"rendered":"<p>EDITION 2016 &#8211; BIARRITZ R\u00e9sultats Les r\u00e9sultats du 1er Concours de jeunes chor\u00e9graphes classiques et n\u00e9oclassiques organis\u00e9 \u00e0 la Gare du Midi de Biarritz le 16 avril 2016 : Le r\u00e9sum\u00e9 de la finale en vid\u00e9o Premier prix To be [&hellip;]<\/p>","protected":false},"author":1,"featured_media":0,"parent":0,"menu_order":0,"comment_status":"closed","ping_status":"closed","template":"elementor_header_footer","meta":{"footnotes":""},"class_list":["post-1390","page","type-page","status-publish","hentry"],"yoast_head":"<!-- This site is optimized with the Yoast SEO plugin v26.1 - https:\/\/yoast.com\/wordpress\/plugins\/seo\/ -->\n<title>EDITION 2016 - Concours de jeunes choregraphes<\/title>\n<meta name=\"robots\" content=\"index, follow, max-snippet:-1, max-image-preview:large, max-video-preview:-1\" \/>\n<link rel=\"canonical\" href=\"https:\/\/www.concours-de-jeunes-choregraphes.com\/en\/edition-2016\/\" \/>\n<meta property=\"og:locale\" content=\"en_GB\" \/>\n<meta property=\"og:type\" content=\"article\" \/>\n<meta property=\"og:title\" content=\"EDITION 2016 - Concours de jeunes choregraphes\" \/>\n<meta property=\"og:description\" content=\"EDITION 2016 &#8211; BIARRITZ R\u00e9sultats Les r\u00e9sultats du 1er Concours de jeunes chor\u00e9graphes classiques et n\u00e9oclassiques organis\u00e9 \u00e0 la Gare du Midi de Biarritz le 16 avril 2016 : Le r\u00e9sum\u00e9 de la finale en vid\u00e9o Premier prix To be [&hellip;]\" \/>\n<meta property=\"og:url\" content=\"https:\/\/www.concours-de-jeunes-choregraphes.com\/en\/edition-2016\/\" \/>\n<meta property=\"og:site_name\" content=\"Concours de jeunes choregraphes\" \/>\n<meta property=\"article:modified_time\" content=\"2024-04-12T11:31:56+00:00\" \/>\n<meta name=\"twitter:card\" content=\"summary_large_image\" \/>\n<meta name=\"twitter:label1\" content=\"Estimated reading time\" \/>\n\t<meta name=\"twitter:data1\" content=\"1 minute\" \/>\n<script type=\"application\/ld+json\" class=\"yoast-schema-graph\">{\"@context\":\"https:\/\/schema.org\",\"@graph\":[{\"@type\":\"WebPage\",\"@id\":\"https:\/\/www.concours-de-jeunes-choregraphes.com\/edition-2016\/\",\"url\":\"https:\/\/www.concours-de-jeunes-choregraphes.com\/edition-2016\/\",\"name\":\"EDITION 2016 - Concours de jeunes choregraphes\",\"isPartOf\":{\"@id\":\"https:\/\/www.concours-de-jeunes-choregraphes.com\/#website\"},\"datePublished\":\"2024-03-05T08:22:36+00:00\",\"dateModified\":\"2024-04-12T11:31:56+00:00\",\"breadcrumb\":{\"@id\":\"https:\/\/www.concours-de-jeunes-choregraphes.com\/edition-2016\/#breadcrumb\"},\"inLanguage\":\"en-GB\",\"potentialAction\":[{\"@type\":\"ReadAction\",\"target\":[\"https:\/\/www.concours-de-jeunes-choregraphes.com\/edition-2016\/\"]}]},{\"@type\":\"BreadcrumbList\",\"@id\":\"https:\/\/www.concours-de-jeunes-choregraphes.com\/edition-2016\/#breadcrumb\",\"itemListElement\":[{\"@type\":\"ListItem\",\"position\":1,\"name\":\"Accueil\",\"item\":\"https:\/\/www.concours-de-jeunes-choregraphes.com\/\"},{\"@type\":\"ListItem\",\"position\":2,\"name\":\"EDITION 2016\"}]},{\"@type\":\"WebSite\",\"@id\":\"https:\/\/www.concours-de-jeunes-choregraphes.com\/#website\",\"url\":\"https:\/\/www.concours-de-jeunes-choregraphes.com\/\",\"name\":\"Concours de jeunes choregraphes\",\"description\":\"\",\"publisher\":{\"@id\":\"https:\/\/www.concours-de-jeunes-choregraphes.com\/#organization\"},\"potentialAction\":[{\"@type\":\"SearchAction\",\"target\":{\"@type\":\"EntryPoint\",\"urlTemplate\":\"https:\/\/www.concours-de-jeunes-choregraphes.com\/?s={search_term_string}\"},\"query-input\":{\"@type\":\"PropertyValueSpecification\",\"valueRequired\":true,\"valueName\":\"search_term_string\"}}],\"inLanguage\":\"en-GB\"},{\"@type\":\"Organization\",\"@id\":\"https:\/\/www.concours-de-jeunes-choregraphes.com\/#organization\",\"name\":\"Concours de jeunes choregraphes\",\"url\":\"https:\/\/www.concours-de-jeunes-choregraphes.com\/\",\"logo\":{\"@type\":\"ImageObject\",\"inLanguage\":\"en-GB\",\"@id\":\"https:\/\/www.concours-de-jeunes-choregraphes.com\/#\/schema\/logo\/image\/\",\"url\":\"https:\/\/www.concours-de-jeunes-choregraphes.com\/wp-content\/uploads\/2024\/06\/concours.jpg\",\"contentUrl\":\"https:\/\/www.concours-de-jeunes-choregraphes.com\/wp-content\/uploads\/2024\/06\/concours.jpg\",\"width\":1200,\"height\":675,\"caption\":\"Concours de jeunes choregraphes\"},\"image\":{\"@id\":\"https:\/\/www.concours-de-jeunes-choregraphes.com\/#\/schema\/logo\/image\/\"}}]}<\/script>\n<!-- \/ Yoast SEO plugin. -->","yoast_head_json":{"title":"EDITION 2016 - Concours de jeunes choregraphes","robots":{"index":"index","follow":"follow","max-snippet":"max-snippet:-1","max-image-preview":"max-image-preview:large","max-video-preview":"max-video-preview:-1"},"canonical":"https:\/\/www.concours-de-jeunes-choregraphes.com\/en\/edition-2016\/","og_locale":"en_GB","og_type":"article","og_title":"EDITION 2016 - Concours de jeunes choregraphes","og_description":"EDITION 2016 &#8211; BIARRITZ R\u00e9sultats Les r\u00e9sultats du 1er Concours de jeunes chor\u00e9graphes classiques et n\u00e9oclassiques organis\u00e9 \u00e0 la Gare du Midi de Biarritz le 16 avril 2016 : Le r\u00e9sum\u00e9 de la finale en vid\u00e9o Premier prix To be [&hellip;]","og_url":"https:\/\/www.concours-de-jeunes-choregraphes.com\/en\/edition-2016\/","og_site_name":"Concours de jeunes choregraphes","article_modified_time":"2024-04-12T11:31:56+00:00","twitter_card":"summary_large_image","twitter_misc":{"Estimated reading time":"1 minute"},"schema":{"@context":"https:\/\/schema.org","@graph":[{"@type":"WebPage","@id":"https:\/\/www.concours-de-jeunes-choregraphes.com\/edition-2016\/","url":"https:\/\/www.concours-de-jeunes-choregraphes.com\/edition-2016\/","name":"EDITION 2016 - Concours de jeunes choregraphes","isPartOf":{"@id":"https:\/\/www.concours-de-jeunes-choregraphes.com\/#website"},"datePublished":"2024-03-05T08:22:36+00:00","dateModified":"2024-04-12T11:31:56+00:00","breadcrumb":{"@id":"https:\/\/www.concours-de-jeunes-choregraphes.com\/edition-2016\/#breadcrumb"},"inLanguage":"en-GB","potentialAction":[{"@type":"ReadAction","target":["https:\/\/www.concours-de-jeunes-choregraphes.com\/edition-2016\/"]}]},{"@type":"BreadcrumbList","@id":"https:\/\/www.concours-de-jeunes-choregraphes.com\/edition-2016\/#breadcrumb","itemListElement":[{"@type":"ListItem","position":1,"name":"Accueil","item":"https:\/\/www.concours-de-jeunes-choregraphes.com\/"},{"@type":"ListItem","position":2,"name":"EDITION 2016"}]},{"@type":"WebSite","@id":"https:\/\/www.concours-de-jeunes-choregraphes.com\/#website","url":"https:\/\/www.concours-de-jeunes-choregraphes.com\/","name":"Concours de jeunes choregraphes","description":"","publisher":{"@id":"https:\/\/www.concours-de-jeunes-choregraphes.com\/#organization"},"potentialAction":[{"@type":"SearchAction","target":{"@type":"EntryPoint","urlTemplate":"https:\/\/www.concours-de-jeunes-choregraphes.com\/?s={search_term_string}"},"query-input":{"@type":"PropertyValueSpecification","valueRequired":true,"valueName":"search_term_string"}}],"inLanguage":"en-GB"},{"@type":"Organization","@id":"https:\/\/www.concours-de-jeunes-choregraphes.com\/#organization","name":"Concours de jeunes choregraphes","url":"https:\/\/www.concours-de-jeunes-choregraphes.com\/","logo":{"@type":"ImageObject","inLanguage":"en-GB","@id":"https:\/\/www.concours-de-jeunes-choregraphes.com\/#\/schema\/logo\/image\/","url":"https:\/\/www.concours-de-jeunes-choregraphes.com\/wp-content\/uploads\/2024\/06\/concours.jpg","contentUrl":"https:\/\/www.concours-de-jeunes-choregraphes.com\/wp-content\/uploads\/2024\/06\/concours.jpg","width":1200,"height":675,"caption":"Concours de jeunes choregraphes"},"image":{"@id":"https:\/\/www.concours-de-jeunes-choregraphes.com\/#\/schema\/logo\/image\/"}}]}},"_links":{"self":[{"href":"https:\/\/www.concours-de-jeunes-choregraphes.com\/en\/wp-json\/wp\/v2\/pages\/1390","targetHints":{"allow":["GET"]}}],"collection":[{"href":"https:\/\/www.concours-de-jeunes-choregraphes.com\/en\/wp-json\/wp\/v2\/pages"}],"about":[{"href":"https:\/\/www.concours-de-jeunes-choregraphes.com\/en\/wp-json\/wp\/v2\/types\/page"}],"author":[{"embeddable":true,"href":"https:\/\/www.concours-de-jeunes-choregraphes.com\/en\/wp-json\/wp\/v2\/users\/1"}],"replies":[{"embeddable":true,"href":"https:\/\/www.concours-de-jeunes-choregraphes.com\/en\/wp-json\/wp\/v2\/comments?post=1390"}],"version-history":[{"count":64,"href":"https:\/\/www.concours-de-jeunes-choregraphes.com\/en\/wp-json\/wp\/v2\/pages\/1390\/revisions"}],"predecessor-version":[{"id":3058,"href":"https:\/\/www.concours-de-jeunes-choregraphes.com\/en\/wp-json\/wp\/v2\/pages\/1390\/revisions\/3058"}],"wp:attachment":[{"href":"https:\/\/www.concours-de-jeunes-choregraphes.com\/en\/wp-json\/wp\/v2\/media?parent=1390"}],"curies":[{"name":"wp","href":"https:\/\/api.w.org\/{rel}","templated":true}]}}