{"id":3456,"date":"2024-09-25T09:27:26","date_gmt":"2024-09-25T07:27:26","guid":{"rendered":"https:\/\/www.concours-de-jeunes-choregraphes.com\/?page_id=3456"},"modified":"2024-09-25T12:01:23","modified_gmt":"2024-09-25T10:01:23","slug":"edition-2024","status":"publish","type":"page","link":"https:\/\/www.concours-de-jeunes-choregraphes.com\/en\/edition-2024\/","title":{"rendered":"2024 EDITION"},"content":{"rendered":"<div data-elementor-type=\"wp-page\" data-elementor-id=\"3456\" class=\"elementor elementor-3456\" data-elementor-post-type=\"page\">\n\t\t\t\t\t\t<section class=\"elementor-section elementor-top-section elementor-element elementor-element-836503b elementor-section-full_width elementor-section-stretched elementor-section-height-default elementor-section-height-default\" data-id=\"836503b\" data-element_type=\"section\" data-settings=\"{&quot;stretch_section&quot;:&quot;section-stretched&quot;,&quot;jet_parallax_layout_list&quot;:[]}\">\n\t\t\t\t\t\t<div class=\"elementor-container elementor-column-gap-default\">\n\t\t\t\t\t<div class=\"elementor-column elementor-col-100 elementor-top-column elementor-element elementor-element-74520a4\" data-id=\"74520a4\" data-element_type=\"column\">\n\t\t\t<div class=\"elementor-widget-wrap elementor-element-populated\">\n\t\t\t\t\t\t<div class=\"elementor-element elementor-element-4707a52 elementor-widget elementor-widget-image\" data-id=\"4707a52\" data-element_type=\"widget\" data-widget_type=\"image.default\">\n\t\t\t\t<div class=\"elementor-widget-container\">\n\t\t\t\t\t\t\t\t\t\t\t\t\t\t\t<img fetchpriority=\"high\" decoding=\"async\" width=\"1024\" height=\"576\" src=\"https:\/\/www.concours-de-jeunes-choregraphes.com\/wp-content\/uploads\/2024\/06\/photos_concours_07-1024x576.jpg\" class=\"attachment-large size-large wp-image-3400\" alt=\"\" srcset=\"https:\/\/www.concours-de-jeunes-choregraphes.com\/wp-content\/uploads\/2024\/06\/photos_concours_07-1024x576.jpg 1024w, https:\/\/www.concours-de-jeunes-choregraphes.com\/wp-content\/uploads\/2024\/06\/photos_concours_07-300x169.jpg 300w, https:\/\/www.concours-de-jeunes-choregraphes.com\/wp-content\/uploads\/2024\/06\/photos_concours_07-768x432.jpg 768w, https:\/\/www.concours-de-jeunes-choregraphes.com\/wp-content\/uploads\/2024\/06\/photos_concours_07-1536x864.jpg 1536w, https:\/\/www.concours-de-jeunes-choregraphes.com\/wp-content\/uploads\/2024\/06\/photos_concours_07-18x10.jpg 18w, https:\/\/www.concours-de-jeunes-choregraphes.com\/wp-content\/uploads\/2024\/06\/photos_concours_07.jpg 1920w\" sizes=\"(max-width: 1024px) 100vw, 1024px\" \/>\t\t\t\t\t\t\t\t\t\t\t\t\t\t\t<\/div>\n\t\t\t\t<\/div>\n\t\t\t\t\t<\/div>\n\t\t<\/div>\n\t\t\t\t\t<\/div>\n\t\t<\/section>\n\t\t\t\t<section class=\"elementor-section elementor-top-section elementor-element elementor-element-209d208 elementor-section-boxed elementor-section-height-default elementor-section-height-default\" data-id=\"209d208\" data-element_type=\"section\" data-settings=\"{&quot;jet_parallax_layout_list&quot;:[]}\">\n\t\t\t\t\t\t<div class=\"elementor-container elementor-column-gap-default\">\n\t\t\t\t\t<div class=\"elementor-column elementor-col-100 elementor-top-column elementor-element elementor-element-e2dddfd\" data-id=\"e2dddfd\" data-element_type=\"column\">\n\t\t\t<div class=\"elementor-widget-wrap elementor-element-populated\">\n\t\t\t\t\t\t<div class=\"elementor-element elementor-element-8ccd9d9 elementor-widget elementor-widget-heading\" data-id=\"8ccd9d9\" data-element_type=\"widget\" data-widget_type=\"heading.default\">\n\t\t\t\t<div class=\"elementor-widget-container\">\n\t\t\t\t\t<h2 class=\"elementor-heading-title elementor-size-default\">EDITION 2024 - BIARRITZ<\/h2>\t\t\t\t<\/div>\n\t\t\t\t<\/div>\n\t\t\t\t\t<\/div>\n\t\t<\/div>\n\t\t\t\t\t<\/div>\n\t\t<\/section>\n\t\t\t\t<section class=\"elementor-section elementor-top-section elementor-element elementor-element-8eb5a2d elementor-section-boxed elementor-section-height-default elementor-section-height-default\" data-id=\"8eb5a2d\" data-element_type=\"section\" data-settings=\"{&quot;jet_parallax_layout_list&quot;:[]}\">\n\t\t\t\t\t\t<div class=\"elementor-container elementor-column-gap-default\">\n\t\t\t\t\t<div class=\"elementor-column elementor-col-100 elementor-top-column elementor-element elementor-element-75157f0\" data-id=\"75157f0\" data-element_type=\"column\">\n\t\t\t<div class=\"elementor-widget-wrap elementor-element-populated\">\n\t\t\t\t\t\t<section class=\"elementor-section elementor-inner-section elementor-element elementor-element-1fe44ae elementor-section-boxed elementor-section-height-default elementor-section-height-default\" data-id=\"1fe44ae\" data-element_type=\"section\" data-settings=\"{&quot;jet_parallax_layout_list&quot;:[]}\">\n\t\t\t\t\t\t<div class=\"elementor-container elementor-column-gap-default\">\n\t\t\t\t\t<div class=\"elementor-column elementor-col-50 elementor-inner-column elementor-element elementor-element-9a3260b\" data-id=\"9a3260b\" data-element_type=\"column\">\n\t\t\t<div class=\"elementor-widget-wrap elementor-element-populated\">\n\t\t\t\t\t\t<div class=\"elementor-element elementor-element-0b0d857 elementor-widget elementor-widget-text-editor\" data-id=\"0b0d857\" data-element_type=\"widget\" data-widget_type=\"text-editor.default\">\n\t\t\t\t<div class=\"elementor-widget-container\">\n\t\t\t\t\t\t\t\t\t<p><a href=\"https:\/\/youtu.be\/60dK3_3n0sI?si=MKXfgP5htRvyLT76\"><span class=\"TextRun SCXW203489495 BCX0\" lang=\"FR-FR\" xml:lang=\"FR-FR\" data-contrast=\"auto\"><span class=\"NormalTextRun SCXW203489495 BCX0\" data-ccp-parastyle=\"No Spacing\">La finale 2024 en vid\u00e9o<\/span><\/span><\/a><\/p><p><span data-contrast=\"auto\">Avec 56 candidatures examin\u00e9es*, la quatri\u00e8me \u00e9dition du Concours de Jeunes Chor\u00e9graphes de Ballet confirme sa pertinence ainsi que l\u2019existence d\u2019un vivier prometteur de jeunes chor\u00e9graphes en France, en Europe et \u00e0 l\u2019international.<\/span><span data-ccp-props=\"{&quot;201341983&quot;:0,&quot;335551550&quot;:6,&quot;335551620&quot;:6,&quot;335559739&quot;:0,&quot;335559740&quot;:276}\">\u00a0<\/span><\/p><p><span data-contrast=\"auto\">As with the first editions, the selection of the six finalists proved difficult for Bruno Bouch\u00e9, Thierry Malandain and Eric Quiller\u00e9, given the quality and diversity of the applications. The profiles of the 25 women, 29 men and 2 couples who applied are very diverse:<\/span><span data-ccp-props=\"{&quot;201341983&quot;:0,&quot;335551550&quot;:6,&quot;335551620&quot;:6,&quot;335559739&quot;:0,&quot;335559740&quot;:276}\">\u00a0<\/span><\/p>\t\t\t\t\t\t\t\t<\/div>\n\t\t\t\t<\/div>\n\t\t\t\t<div class=\"elementor-element elementor-element-5b464b3 elementor-widget elementor-widget-text-editor\" data-id=\"5b464b3\" data-element_type=\"widget\" data-widget_type=\"text-editor.default\">\n\t\t\t\t<div class=\"elementor-widget-container\">\n\t\t\t\t\t\t\t\t\t<p><span data-contrast=\"auto\">\u2022 18 nationalit\u00e9s repr\u00e9sent\u00e9es, la plupart europ\u00e9enne dont 21 fran\u00e7ais,<\/span><span data-ccp-props=\"{&quot;201341983&quot;:0,&quot;335551550&quot;:6,&quot;335551620&quot;:6,&quot;335559739&quot;:0,&quot;335559740&quot;:276}\">\u00a0<\/span><\/p><p><span data-contrast=\"auto\">\u2022 Age moyen\u202f: 31<\/span><span data-ccp-props=\"{&quot;201341983&quot;:0,&quot;335551550&quot;:6,&quot;335551620&quot;:6,&quot;335559739&quot;:0,&quot;335559740&quot;:276}\">\u00a0<\/span><\/p><p><span data-contrast=\"auto\">\u2022 Contrairement aux pr\u00e9c\u00e9dentes \u00e9ditions, pr\u00e8s de la moiti\u00e9 des candidats sont soit ind\u00e9pendants ou dirigent leur propre compagnie. L\u2019autre moiti\u00e9 provient de compagnies pour la plupart allemandes. <\/span><span data-ccp-props=\"{&quot;201341983&quot;:0,&quot;335551550&quot;:6,&quot;335551620&quot;:6,&quot;335559739&quot;:0,&quot;335559740&quot;:276}\">\u00a0<\/span><\/p>\t\t\t\t\t\t\t\t<\/div>\n\t\t\t\t<\/div>\n\t\t\t\t\t<\/div>\n\t\t<\/div>\n\t\t\t\t<div class=\"elementor-column elementor-col-50 elementor-inner-column elementor-element elementor-element-6075c3b\" data-id=\"6075c3b\" data-element_type=\"column\">\n\t\t\t<div class=\"elementor-widget-wrap elementor-element-populated\">\n\t\t\t\t\t\t<div class=\"elementor-element elementor-element-6ff7c13 elementor-widget elementor-widget-video\" data-id=\"6ff7c13\" data-element_type=\"widget\" data-settings=\"{&quot;youtube_url&quot;:&quot;https:\\\/\\\/youtu.be\\\/60dK3_3n0sI?si=4rh7RsJkmGL9TQiY&quot;,&quot;video_type&quot;:&quot;youtube&quot;,&quot;controls&quot;:&quot;yes&quot;}\" data-widget_type=\"video.default\">\n\t\t\t\t<div class=\"elementor-widget-container\">\n\t\t\t\t\t\t\t<div class=\"elementor-wrapper elementor-open-inline\">\n\t\t\t<div class=\"elementor-video\"><\/div>\t\t<\/div>\n\t\t\t\t\t\t<\/div>\n\t\t\t\t<\/div>\n\t\t\t\t<div class=\"elementor-element elementor-element-513604d elementor-widget elementor-widget-image\" data-id=\"513604d\" data-element_type=\"widget\" data-widget_type=\"image.default\">\n\t\t\t\t<div class=\"elementor-widget-container\">\n\t\t\t\t\t\t\t\t\t\t\t\t\t\t\t<img decoding=\"async\" width=\"1024\" height=\"576\" src=\"https:\/\/www.concours-de-jeunes-choregraphes.com\/wp-content\/uploads\/2024\/06\/photos_concours_11-1024x576.jpg\" class=\"attachment-large size-large wp-image-3405\" alt=\"\" srcset=\"https:\/\/www.concours-de-jeunes-choregraphes.com\/wp-content\/uploads\/2024\/06\/photos_concours_11-1024x576.jpg 1024w, https:\/\/www.concours-de-jeunes-choregraphes.com\/wp-content\/uploads\/2024\/06\/photos_concours_11-300x169.jpg 300w, https:\/\/www.concours-de-jeunes-choregraphes.com\/wp-content\/uploads\/2024\/06\/photos_concours_11-768x432.jpg 768w, https:\/\/www.concours-de-jeunes-choregraphes.com\/wp-content\/uploads\/2024\/06\/photos_concours_11-1536x864.jpg 1536w, https:\/\/www.concours-de-jeunes-choregraphes.com\/wp-content\/uploads\/2024\/06\/photos_concours_11-18x10.jpg 18w, https:\/\/www.concours-de-jeunes-choregraphes.com\/wp-content\/uploads\/2024\/06\/photos_concours_11.jpg 1920w\" sizes=\"(max-width: 1024px) 100vw, 1024px\" \/>\t\t\t\t\t\t\t\t\t\t\t\t\t\t\t<\/div>\n\t\t\t\t<\/div>\n\t\t\t\t\t<\/div>\n\t\t<\/div>\n\t\t\t\t\t<\/div>\n\t\t<\/section>\n\t\t\t\t\t<\/div>\n\t\t<\/div>\n\t\t\t\t\t<\/div>\n\t\t<\/section>\n\t\t\t\t<section class=\"elementor-section elementor-top-section elementor-element elementor-element-5f71736 elementor-section-boxed elementor-section-height-default elementor-section-height-default\" data-id=\"5f71736\" data-element_type=\"section\" data-settings=\"{&quot;jet_parallax_layout_list&quot;:[]}\">\n\t\t\t\t\t\t<div class=\"elementor-container elementor-column-gap-default\">\n\t\t\t\t\t<div class=\"elementor-column elementor-col-100 elementor-top-column elementor-element elementor-element-b2e5d96\" data-id=\"b2e5d96\" data-element_type=\"column\">\n\t\t\t<div class=\"elementor-widget-wrap elementor-element-populated\">\n\t\t\t\t\t\t<section class=\"elementor-section elementor-inner-section elementor-element elementor-element-4a9f82d elementor-section-boxed elementor-section-height-default elementor-section-height-default\" data-id=\"4a9f82d\" data-element_type=\"section\" data-settings=\"{&quot;jet_parallax_layout_list&quot;:[]}\">\n\t\t\t\t\t\t<div class=\"elementor-container elementor-column-gap-default\">\n\t\t\t\t\t<div class=\"elementor-column elementor-col-50 elementor-inner-column elementor-element elementor-element-2b81b7e\" data-id=\"2b81b7e\" data-element_type=\"column\">\n\t\t\t<div class=\"elementor-widget-wrap elementor-element-populated\">\n\t\t\t\t\t\t<div class=\"elementor-element elementor-element-a39fd29 elementor-widget elementor-widget-image\" data-id=\"a39fd29\" data-element_type=\"widget\" data-widget_type=\"image.default\">\n\t\t\t\t<div class=\"elementor-widget-container\">\n\t\t\t\t\t\t\t\t\t\t\t\t\t\t\t<img decoding=\"async\" width=\"550\" height=\"550\" src=\"https:\/\/www.concours-de-jeunes-choregraphes.com\/wp-content\/uploads\/2024\/06\/Finale-Concours-de-Jeunes-Choregraphes-de-Ballet-4-\u00a9-photo-Stephane-Bellocq_STB_3709_web-550x550.jpg\" class=\"attachment-bard_mikado_square size-bard_mikado_square wp-image-3374\" alt=\"\" srcset=\"https:\/\/www.concours-de-jeunes-choregraphes.com\/wp-content\/uploads\/2024\/06\/Finale-Concours-de-Jeunes-Choregraphes-de-Ballet-4-\u00a9-photo-Stephane-Bellocq_STB_3709_web-550x550.jpg 550w, https:\/\/www.concours-de-jeunes-choregraphes.com\/wp-content\/uploads\/2024\/06\/Finale-Concours-de-Jeunes-Choregraphes-de-Ballet-4-\u00a9-photo-Stephane-Bellocq_STB_3709_web-150x150.jpg 150w, https:\/\/www.concours-de-jeunes-choregraphes.com\/wp-content\/uploads\/2024\/06\/Finale-Concours-de-Jeunes-Choregraphes-de-Ballet-4-\u00a9-photo-Stephane-Bellocq_STB_3709_web-1100x1100.jpg 1100w\" sizes=\"(max-width: 550px) 100vw, 550px\" \/>\t\t\t\t\t\t\t\t\t\t\t\t\t\t\t<\/div>\n\t\t\t\t<\/div>\n\t\t\t\t\t<\/div>\n\t\t<\/div>\n\t\t\t\t<div class=\"elementor-column elementor-col-50 elementor-inner-column elementor-element elementor-element-f0f6131\" data-id=\"f0f6131\" data-element_type=\"column\">\n\t\t\t<div class=\"elementor-widget-wrap elementor-element-populated\">\n\t\t\t\t\t\t<div class=\"elementor-element elementor-element-51319ba elementor-widget elementor-widget-text-editor\" data-id=\"51319ba\" data-element_type=\"widget\" data-widget_type=\"text-editor.default\">\n\t\t\t\t<div class=\"elementor-widget-container\">\n\t\t\t\t\t\t\t\t\t<p><span data-contrast=\"auto\">Ainsi pour la finale publique du 9 juin 2024 au th\u00e9\u00e2tre de la Gare du Midi de Biarritz, si\u00e8ge du CCN Malandain Ballet Biarritz, ont \u00e9t\u00e9 s\u00e9lectionn\u00e9s\u202f:<\/span><span data-ccp-props=\"{&quot;201341983&quot;:0,&quot;335551550&quot;:6,&quot;335551620&quot;:6,&quot;335559739&quot;:0,&quot;335559740&quot;:276}\">\u00a0<\/span><\/p><p><span data-contrast=\"auto\">\u2022 <strong>Ana Isabel Casquilho<\/strong>, Portugaise, 30 ans,<\/span><\/p><p><span data-contrast=\"auto\">\u2022 <strong>Benoit Favre<\/strong>, Suisse 30 ans,<\/span><\/p><p><span data-contrast=\"auto\">\u2022 <strong>Lasse Graubner<\/strong>, Allemand \/ Cubain, 23 ans,<\/span><\/p><p><span data-contrast=\"auto\">\u2022 <strong>Lucia Giarratana<\/strong>, Italienne, 34 ans,<\/span><\/p><p><span data-contrast=\"auto\">\u2022 <strong>V\u011bra Kvar\u010d\u00e1kov\u00e1 &amp; J\u00e9r\u00e9my Galdeano<\/strong>, Tch\u00e8que 35 ans et Fran\u00e7ais 42 ans,<\/span><\/p><p><span data-contrast=\"auto\">\u2022 <strong>Manoela Gon\u00e7alves<\/strong>, Br\u00e9silienne 32 ans<\/span><\/p><p>\u00a0<\/p><p><a href=\"https:\/\/www.concours-de-jeunes-choregraphes.com\/wp-content\/uploads\/2024\/09\/FDS_Concours-JCB_web.pdf\">Programme de salle 2024<\/a><\/p>\t\t\t\t\t\t\t\t<\/div>\n\t\t\t\t<\/div>\n\t\t\t\t\t<\/div>\n\t\t<\/div>\n\t\t\t\t\t<\/div>\n\t\t<\/section>\n\t\t\t\t\t<\/div>\n\t\t<\/div>\n\t\t\t\t\t<\/div>\n\t\t<\/section>\n\t\t\t\t<section class=\"elementor-section elementor-top-section elementor-element elementor-element-2c35f12 elementor-section-boxed elementor-section-height-default elementor-section-height-default\" data-id=\"2c35f12\" data-element_type=\"section\" data-settings=\"{&quot;jet_parallax_layout_list&quot;:[]}\">\n\t\t\t\t\t\t<div class=\"elementor-container elementor-column-gap-default\">\n\t\t\t\t\t<div class=\"elementor-column elementor-col-100 elementor-top-column elementor-element elementor-element-7b628bb\" data-id=\"7b628bb\" data-element_type=\"column\">\n\t\t\t<div class=\"elementor-widget-wrap elementor-element-populated\">\n\t\t\t\t\t\t<div class=\"elementor-element elementor-element-88bbdd8 elementor-widget elementor-widget-spacer\" data-id=\"88bbdd8\" data-element_type=\"widget\" data-widget_type=\"spacer.default\">\n\t\t\t\t<div class=\"elementor-widget-container\">\n\t\t\t\t\t\t\t<div class=\"elementor-spacer\">\n\t\t\t<div class=\"elementor-spacer-inner\"><\/div>\n\t\t<\/div>\n\t\t\t\t\t\t<\/div>\n\t\t\t\t<\/div>\n\t\t\t\t\t<\/div>\n\t\t<\/div>\n\t\t\t\t\t<\/div>\n\t\t<\/section>\n\t\t\t\t<section class=\"elementor-section elementor-top-section elementor-element elementor-element-9692804 elementor-section-boxed elementor-section-height-default elementor-section-height-default\" data-id=\"9692804\" data-element_type=\"section\" data-settings=\"{&quot;jet_parallax_layout_list&quot;:[]}\">\n\t\t\t\t\t\t<div class=\"elementor-container elementor-column-gap-default\">\n\t\t\t\t\t<div class=\"elementor-column elementor-col-100 elementor-top-column elementor-element elementor-element-982ef8e\" data-id=\"982ef8e\" data-element_type=\"column\">\n\t\t\t<div class=\"elementor-widget-wrap elementor-element-populated\">\n\t\t\t\t\t\t<div class=\"elementor-element elementor-element-c8a7ca0 elementor-widget elementor-widget-heading\" data-id=\"c8a7ca0\" data-element_type=\"widget\" data-widget_type=\"heading.default\">\n\t\t\t\t<div class=\"elementor-widget-container\">\n\t\t\t\t\t<h2 class=\"elementor-heading-title elementor-size-default\">Jury<\/h2>\t\t\t\t<\/div>\n\t\t\t\t<\/div>\n\t\t\t\t\t<\/div>\n\t\t<\/div>\n\t\t\t\t\t<\/div>\n\t\t<\/section>\n\t\t\t\t<section class=\"elementor-section elementor-top-section elementor-element elementor-element-fe8f2aa elementor-section-boxed elementor-section-height-default elementor-section-height-default\" data-id=\"fe8f2aa\" data-element_type=\"section\" data-settings=\"{&quot;jet_parallax_layout_list&quot;:[]}\">\n\t\t\t\t\t\t<div class=\"elementor-container elementor-column-gap-default\">\n\t\t\t\t\t<div class=\"elementor-column elementor-col-100 elementor-top-column elementor-element elementor-element-ac77776\" data-id=\"ac77776\" data-element_type=\"column\">\n\t\t\t<div class=\"elementor-widget-wrap elementor-element-populated\">\n\t\t\t\t\t\t<div class=\"elementor-element elementor-element-aa50824 elementor-widget elementor-widget-text-editor\" data-id=\"aa50824\" data-element_type=\"widget\" data-widget_type=\"text-editor.default\">\n\t\t\t\t<div class=\"elementor-widget-container\">\n\t\t\t\t\t\t\t\t\t<p><strong>Le jury \u00e9tait compos\u00e9 de :<\/strong><\/p><p><span data-contrast=\"auto\">\u2022 <a href=\"https:\/\/www.operanationaldurhin.eu\/fr\">Pasquale Nocera<\/a>, charg\u00e9 de d\u00e9veloppement des missions repr\u00e9sentant Bruno Bouch\u00e9, Directeur artistique CCN \u2022 Ballet de l&#8217;Op\u00e9ra national du Rhin<\/span><span data-ccp-props=\"{}\">\u00a0<\/span><\/p><p><span data-contrast=\"auto\">\u2022 <a href=\"https:\/\/malandainballet.com\/\">Thierry Malandain<\/a>, Directeur et chor\u00e9graphe du CCN Malandain Ballet Biarritz<\/span><span data-ccp-props=\"{}\">\u00a0<\/span><\/p><p><span data-contrast=\"auto\">\u2022 <a href=\"https:\/\/www.opera-bordeaux.com\/\">\u00c9ric Quiller\u00e9<\/a>, Directeur de la danse de l\u2019Op\u00e9ra National de Bordeaux<\/span><span data-ccp-props=\"{}\">\u00a0<\/span><\/p><p><span data-contrast=\"auto\">\u2022 Xenia Wiest, ex Directrice artistique du Ballett Schwerin (Allemagne)<\/span><span data-ccp-props=\"{}\">\u00a0<\/span><\/p><p><span data-contrast=\"auto\">\u2022 <a href=\"https:\/\/metamorphosis-dance.com\/en\/\">Iratxe Ansa<\/a>, Directrice de la compagnie Metamorphosis Dance (Madrid)<\/span><span data-ccp-props=\"{}\">\u00a0<\/span><\/p><p><span data-contrast=\"auto\">\u2022 <a href=\"https:\/\/www.hessisches-staatsballett.de\/en\/\">Bruno Heynderickx<\/a>, Directeur et curateur du Hessisches Staatsballets Wiesbaden (Allemagne)<\/span><span data-ccp-props=\"{}\">\u00a0<\/span><\/p><p><span data-contrast=\"auto\">\u2022 <a href=\"https:\/\/opera.toulouse.fr\/\">Beate Vollack<\/a>, Directrice de la danse de l\u2019Op\u00e9ra national du Capitole de Toulouse<\/span><span data-ccp-props=\"{}\">\u00a0<\/span><\/p>\t\t\t\t\t\t\t\t<\/div>\n\t\t\t\t<\/div>\n\t\t\t\t\t<\/div>\n\t\t<\/div>\n\t\t\t\t\t<\/div>\n\t\t<\/section>\n\t\t\t\t<section class=\"elementor-section elementor-top-section elementor-element elementor-element-64c4610 elementor-section-boxed elementor-section-height-default elementor-section-height-default\" data-id=\"64c4610\" data-element_type=\"section\" data-settings=\"{&quot;jet_parallax_layout_list&quot;:[]}\">\n\t\t\t\t\t\t<div class=\"elementor-container elementor-column-gap-default\">\n\t\t\t\t\t<div class=\"elementor-column elementor-col-100 elementor-top-column elementor-element elementor-element-a834539\" data-id=\"a834539\" data-element_type=\"column\">\n\t\t\t<div class=\"elementor-widget-wrap elementor-element-populated\">\n\t\t\t\t\t\t<div class=\"elementor-element elementor-element-8f83d22 elementor-widget elementor-widget-spacer\" data-id=\"8f83d22\" data-element_type=\"widget\" data-widget_type=\"spacer.default\">\n\t\t\t\t<div class=\"elementor-widget-container\">\n\t\t\t\t\t\t\t<div class=\"elementor-spacer\">\n\t\t\t<div class=\"elementor-spacer-inner\"><\/div>\n\t\t<\/div>\n\t\t\t\t\t\t<\/div>\n\t\t\t\t<\/div>\n\t\t\t\t\t<\/div>\n\t\t<\/div>\n\t\t\t\t\t<\/div>\n\t\t<\/section>\n\t\t\t\t<section class=\"elementor-section elementor-top-section elementor-element elementor-element-4847f9a elementor-section-boxed elementor-section-height-default elementor-section-height-default\" data-id=\"4847f9a\" data-element_type=\"section\" data-settings=\"{&quot;jet_parallax_layout_list&quot;:[]}\">\n\t\t\t\t\t\t<div class=\"elementor-container elementor-column-gap-default\">\n\t\t\t\t\t<div class=\"elementor-column elementor-col-100 elementor-top-column elementor-element elementor-element-3119956\" data-id=\"3119956\" data-element_type=\"column\">\n\t\t\t<div class=\"elementor-widget-wrap elementor-element-populated\">\n\t\t\t\t\t\t<div class=\"elementor-element elementor-element-06168dd elementor-widget elementor-widget-heading\" data-id=\"06168dd\" data-element_type=\"widget\" data-widget_type=\"heading.default\">\n\t\t\t\t<div class=\"elementor-widget-container\">\n\t\t\t\t\t<h2 class=\"elementor-heading-title elementor-size-default\">Results<\/h2>\t\t\t\t<\/div>\n\t\t\t\t<\/div>\n\t\t\t\t\t<\/div>\n\t\t<\/div>\n\t\t\t\t\t<\/div>\n\t\t<\/section>\n\t\t\t\t<section class=\"elementor-section elementor-top-section elementor-element elementor-element-d56070b elementor-section-boxed elementor-section-height-default elementor-section-height-default\" data-id=\"d56070b\" data-element_type=\"section\" data-settings=\"{&quot;jet_parallax_layout_list&quot;:[]}\">\n\t\t\t\t\t\t<div class=\"elementor-container elementor-column-gap-default\">\n\t\t\t\t\t<div class=\"elementor-column elementor-col-100 elementor-top-column elementor-element elementor-element-492d506\" data-id=\"492d506\" data-element_type=\"column\">\n\t\t\t<div class=\"elementor-widget-wrap elementor-element-populated\">\n\t\t\t\t\t\t<div class=\"elementor-element elementor-element-7b60bf1 elementor-widget elementor-widget-text-editor\" data-id=\"7b60bf1\" data-element_type=\"widget\" data-widget_type=\"text-editor.default\">\n\t\t\t\t<div class=\"elementor-widget-container\">\n\t\t\t\t\t\t\t\t\t<p><strong><i>\u00c0 deriva<\/i> d\u2019Ana Isabel Casquilho\u00a0<\/strong><br \/><em>Prix d\u00e9cern\u00e9 par le jury\u202f: <\/em><span data-contrast=\"auto\">r\u00e9sidence de cr\u00e9ation et diffusion, lors de la saison 2024-25 au sein du Ballet de l\u2019Op\u00e9ra National de Bordeaux<\/span><span data-ccp-props=\"{&quot;335559685&quot;:720}\">\u00a0<\/span><\/p><p><span data-ccp-props=\"{&quot;335551550&quot;:6,&quot;335551620&quot;:6}\">\u00a0<\/span><\/p><p><strong><i>Bl\u00edz<\/i> de V\u011bra Kvar\u010d\u00e1kov\u00e1 &amp; J\u00e9r\u00e9my Galdeano \u00a0<\/strong><br \/><em>Prix d\u00e9cern\u00e9 par le jury\u202f:<\/em><span data-contrast=\"auto\"> r\u00e9sidence de cr\u00e9ation et diffusion, lors de la saison 2024-25 au sein du CCN <\/span><span data-contrast=\"auto\">\u2022 <\/span><span data-contrast=\"auto\">Ballet of the Op\u00e9ra national du Rhin<\/span><span data-ccp-props=\"{&quot;335559685&quot;:720}\">\u00a0<\/span><\/p><p><em>Prix des professionnels\u202f :<\/em> <span data-contrast=\"auto\">Awarded by the dance critics and theatre directors at the final, with a \u20ac5,000 prize funded by the Thierry Malandain Dance Foundation - Acad\u00e9mie des beaux-arts.<\/span><span data-ccp-props=\"{&quot;335551550&quot;:6,&quot;335551620&quot;:6,&quot;335559685&quot;:720}\">\u00a0<\/span><\/p>\t\t\t\t\t\t\t\t<\/div>\n\t\t\t\t<\/div>\n\t\t\t\t<section class=\"elementor-section elementor-inner-section elementor-element elementor-element-3868bd2 elementor-section-boxed elementor-section-height-default elementor-section-height-default\" data-id=\"3868bd2\" data-element_type=\"section\" data-settings=\"{&quot;jet_parallax_layout_list&quot;:[]}\">\n\t\t\t\t\t\t<div class=\"elementor-container elementor-column-gap-default\">\n\t\t\t\t\t<div class=\"elementor-column elementor-col-50 elementor-inner-column elementor-element elementor-element-f532912\" data-id=\"f532912\" data-element_type=\"column\">\n\t\t\t<div class=\"elementor-widget-wrap elementor-element-populated\">\n\t\t\t\t\t\t<div class=\"elementor-element elementor-element-54a1726 elementor-widget elementor-widget-text-editor\" data-id=\"54a1726\" data-element_type=\"widget\" data-widget_type=\"text-editor.default\">\n\t\t\t\t<div class=\"elementor-widget-container\">\n\t\t\t\t\t\t\t\t\t<p><strong><i>If you hold him close, you hear soft sweet sounds<\/i> de Lucia Giarratana\u00a0<\/strong><\/p><p><em>Prix d\u00e9cern\u00e9 par le jury\u202f<\/em><span data-contrast=\"auto\"><em>:<\/em> r\u00e9sidence de cr\u00e9ation et diffusion, lors de la saison 2024-25 au sein du Ballett X \u00e0 Schwerin (Allemagne) sera \u00e9galement attribu\u00e9e.<\/span><span data-ccp-props=\"{&quot;335551550&quot;:6,&quot;335551620&quot;:6,&quot;335559685&quot;:720}\">\u00a0<\/span><\/p><p><span data-ccp-props=\"{}\">\u00a0<\/span><\/p><p><strong><i>Overload<\/i> de Manoela Gon\u00e7alves\u00a0<\/strong><br \/><em>Prix de Biarritz \/ Caisse des D\u00e9p\u00f4ts\u202fd\u00e9cern\u00e9 par le jury\u202f<\/em><span data-contrast=\"auto\"><em>:<\/em> bourse de 15 000 \u20ac<\/span><span data-ccp-props=\"{&quot;335559685&quot;:720}\">\u00a0<\/span><\/p><p><em>Prix jeune public<\/em><b><span data-contrast=\"auto\"> : <\/span><\/b><span data-contrast=\"auto\">In partnership with Pass Culture*, a jury of 9 young people aged 18-20 will award the \u20ac1,000 prize.<\/span><span data-ccp-props=\"{&quot;335551550&quot;:6,&quot;335551620&quot;:6,&quot;335559685&quot;:720}\">\u00a0<\/span><\/p><p><span data-contrast=\"auto\">Bourse de 1 000 \u20ac.<\/span><span data-ccp-props=\"{&quot;335551550&quot;:6,&quot;335551620&quot;:6,&quot;335559685&quot;:720}\">\u00a0<\/span><\/p><p><span data-ccp-props=\"{&quot;335551550&quot;:6,&quot;335551620&quot;:6}\">\u00a0<\/span><\/p><p><strong><i>Second Nature<\/i> de Beno\u00eet Favre\u00a0<\/strong><br \/><em>Prix du public\u202f:<\/em><span data-ccp-props=\"{&quot;335559685&quot;:720}\">\u00a0<\/span><span data-contrast=\"auto\">3 000 \u20ac<\/span><span data-ccp-props=\"{&quot;335551550&quot;:6,&quot;335551620&quot;:6,&quot;335559685&quot;:720}\">\u00a0<\/span><\/p>\t\t\t\t\t\t\t\t<\/div>\n\t\t\t\t<\/div>\n\t\t\t\t\t<\/div>\n\t\t<\/div>\n\t\t\t\t<div class=\"elementor-column elementor-col-50 elementor-inner-column elementor-element elementor-element-c7b98f0\" data-id=\"c7b98f0\" data-element_type=\"column\">\n\t\t\t<div class=\"elementor-widget-wrap elementor-element-populated\">\n\t\t\t\t\t\t<div class=\"elementor-element elementor-element-c4243aa elementor-widget elementor-widget-image\" data-id=\"c4243aa\" data-element_type=\"widget\" data-widget_type=\"image.default\">\n\t\t\t\t<div class=\"elementor-widget-container\">\n\t\t\t\t\t\t\t\t\t\t\t\t\t\t\t<img loading=\"lazy\" decoding=\"async\" width=\"550\" height=\"550\" src=\"https:\/\/www.concours-de-jeunes-choregraphes.com\/wp-content\/uploads\/2024\/06\/photos_concours_10-550x550.jpg\" class=\"attachment-bard_mikado_square size-bard_mikado_square wp-image-3404\" alt=\"\" srcset=\"https:\/\/www.concours-de-jeunes-choregraphes.com\/wp-content\/uploads\/2024\/06\/photos_concours_10-550x550.jpg 550w, https:\/\/www.concours-de-jeunes-choregraphes.com\/wp-content\/uploads\/2024\/06\/photos_concours_10-150x150.jpg 150w\" sizes=\"(max-width: 550px) 100vw, 550px\" \/>\t\t\t\t\t\t\t\t\t\t\t\t\t\t\t<\/div>\n\t\t\t\t<\/div>\n\t\t\t\t\t<\/div>\n\t\t<\/div>\n\t\t\t\t\t<\/div>\n\t\t<\/section>\n\t\t\t\t\t<\/div>\n\t\t<\/div>\n\t\t\t\t\t<\/div>\n\t\t<\/section>\n\t\t\t\t<section class=\"elementor-section elementor-top-section elementor-element elementor-element-120768a elementor-section-boxed elementor-section-height-default elementor-section-height-default\" data-id=\"120768a\" data-element_type=\"section\" data-settings=\"{&quot;jet_parallax_layout_list&quot;:[]}\">\n\t\t\t\t\t\t<div class=\"elementor-container elementor-column-gap-default\">\n\t\t\t\t\t<div class=\"elementor-column elementor-col-100 elementor-top-column elementor-element elementor-element-d9feccd\" data-id=\"d9feccd\" data-element_type=\"column\">\n\t\t\t<div class=\"elementor-widget-wrap elementor-element-populated\">\n\t\t\t\t\t\t<div class=\"elementor-element elementor-element-4931630 elementor--h-position-center elementor--v-position-middle elementor-arrows-position-inside elementor-pagination-position-inside elementor-widget elementor-widget-slides\" data-id=\"4931630\" data-element_type=\"widget\" data-settings=\"{&quot;navigation&quot;:&quot;both&quot;,&quot;autoplay&quot;:&quot;yes&quot;,&quot;pause_on_hover&quot;:&quot;yes&quot;,&quot;pause_on_interaction&quot;:&quot;yes&quot;,&quot;autoplay_speed&quot;:5000,&quot;infinite&quot;:&quot;yes&quot;,&quot;transition&quot;:&quot;slide&quot;,&quot;transition_speed&quot;:500}\" data-widget_type=\"slides.default\">\n\t\t\t\t<div class=\"elementor-widget-container\">\n\t\t\t\t\t\t\t<div class=\"elementor-swiper\">\n\t\t\t<div class=\"elementor-slides-wrapper elementor-main-swiper swiper-container\" dir=\"ltr\" data-animation=\"fadeInUp\">\n\t\t\t\t<div class=\"swiper-wrapper elementor-slides\">\n\t\t\t\t\t\t\t\t\t\t<div class=\"elementor-repeater-item-4078431 swiper-slide\"><div class=\"swiper-slide-bg\" role=\"img\"><\/div><div class=\"swiper-slide-inner\" ><div class=\"swiper-slide-contents\"><div class=\"elementor-slide-heading\">\u00c0 deriva d\u2019Ana Isabel Casquilho<\/div><\/div><\/div><\/div><div class=\"elementor-repeater-item-82f4b83 swiper-slide\"><div class=\"swiper-slide-bg\" role=\"img\"><\/div><div class=\"swiper-slide-inner\" ><div class=\"swiper-slide-contents\"><div class=\"elementor-slide-heading\">\u00c0 deriva d\u2019Ana Isabel Casquilho<\/div><\/div><\/div><\/div><div class=\"elementor-repeater-item-385b37f swiper-slide\"><div class=\"swiper-slide-bg\" role=\"img\"><\/div><div class=\"swiper-slide-inner\" ><div class=\"swiper-slide-contents\"><div class=\"elementor-slide-heading\">Bl\u00edz de V\u011bra Kvar\u010d\u00e1kov\u00e1 & J\u00e9r\u00e9my Galdeano <\/div><\/div><\/div><\/div><div class=\"elementor-repeater-item-97d5042 swiper-slide\"><div class=\"swiper-slide-bg\" role=\"img\"><\/div><div class=\"swiper-slide-inner\" ><div class=\"swiper-slide-contents\"><div class=\"elementor-slide-heading\">Bl\u00edz de V\u011bra Kvar\u010d\u00e1kov\u00e1 & J\u00e9r\u00e9my Galdeano <\/div><\/div><\/div><\/div><div class=\"elementor-repeater-item-b7eeae0 swiper-slide\"><div class=\"swiper-slide-bg\" role=\"img\"><\/div><div class=\"swiper-slide-inner\" ><div class=\"swiper-slide-contents\"><div class=\"elementor-slide-heading\">If you hold him close, you hear soft sweet sounds de Lucia Giarratana<\/div><\/div><\/div><\/div><div class=\"elementor-repeater-item-348b926 swiper-slide\"><div class=\"swiper-slide-bg\" role=\"img\"><\/div><div class=\"swiper-slide-inner\" ><div class=\"swiper-slide-contents\"><div class=\"elementor-slide-heading\">If you hold him close, you hear soft sweet sounds de Lucia Giarratana<\/div><\/div><\/div><\/div><div class=\"elementor-repeater-item-81f71fe swiper-slide\"><div class=\"swiper-slide-bg\" role=\"img\"><\/div><div class=\"swiper-slide-inner\" ><div class=\"swiper-slide-contents\"><div class=\"elementor-slide-heading\">Overload de Manoela Gon\u00e7alves<\/div><\/div><\/div><\/div><div class=\"elementor-repeater-item-24252ee swiper-slide\"><div class=\"swiper-slide-bg\" role=\"img\"><\/div><div class=\"swiper-slide-inner\" ><div class=\"swiper-slide-contents\"><div class=\"elementor-slide-heading\">Overload de Manoela Gon\u00e7alves<\/div><\/div><\/div><\/div><div class=\"elementor-repeater-item-2a04051 swiper-slide\"><div class=\"swiper-slide-bg\" role=\"img\"><\/div><div class=\"swiper-slide-inner\" ><div class=\"swiper-slide-contents\"><div class=\"elementor-slide-heading\">Second Nature de Beno\u00eet Favre<\/div><\/div><\/div><\/div><div class=\"elementor-repeater-item-e6ff1e5 swiper-slide\"><div class=\"swiper-slide-bg\" role=\"img\"><\/div><div class=\"swiper-slide-inner\" ><div class=\"swiper-slide-contents\"><div class=\"elementor-slide-heading\">Second Nature de Beno\u00eet Favre<\/div><\/div><\/div><\/div><div class=\"elementor-repeater-item-2485f04 swiper-slide\"><div class=\"swiper-slide-bg\" role=\"img\"><\/div><div class=\"swiper-slide-inner\" ><div class=\"swiper-slide-contents\"><div class=\"elementor-slide-heading\">I am lost to the world de Lasse Graubner<\/div><\/div><\/div><\/div><div class=\"elementor-repeater-item-f2727c6 swiper-slide\"><div class=\"swiper-slide-bg\" role=\"img\"><\/div><div class=\"swiper-slide-inner\" ><div class=\"swiper-slide-contents\"><div class=\"elementor-slide-heading\">I am lost to the world de Lasse Graubner<\/div><div  class=\"elementor-button elementor-slide-button elementor-size-sm\">Click Here<\/div><\/div><\/div><\/div>\t\t\t\t<\/div>\n\t\t\t\t\t\t\t\t\t\t\t\t\t\t\t<div class=\"swiper-pagination\"><\/div>\n\t\t\t\t\t\t\t\t\t\t\t\t\t\t\t\t<div class=\"elementor-swiper-button elementor-swiper-button-prev\" role=\"button\" tabindex=\"0\">\n\t\t\t\t\t\t\t<i aria-hidden=\"true\" class=\"eicon-chevron-left\"><\/i>\t\t\t\t\t\t\t<span class=\"elementor-screen-only\">Previous slide<\/span>\n\t\t\t\t\t\t<\/div>\n\t\t\t\t\t\t<div class=\"elementor-swiper-button elementor-swiper-button-next\" role=\"button\" tabindex=\"0\">\n\t\t\t\t\t\t\t<i aria-hidden=\"true\" class=\"eicon-chevron-right\"><\/i>\t\t\t\t\t\t\t<span class=\"elementor-screen-only\">Next slide<\/span>\n\t\t\t\t\t\t<\/div>\n\t\t\t\t\t\t\t\t\t\t\t\t<\/div>\n\t\t<\/div>\n\t\t\t\t\t\t<\/div>\n\t\t\t\t<\/div>\n\t\t\t\t\t<\/div>\n\t\t<\/div>\n\t\t\t\t\t<\/div>\n\t\t<\/section>\n\t\t\t\t<section class=\"elementor-section elementor-top-section elementor-element elementor-element-ce43171 elementor-section-boxed elementor-section-height-default elementor-section-height-default\" data-id=\"ce43171\" data-element_type=\"section\" data-settings=\"{&quot;jet_parallax_layout_list&quot;:[]}\">\n\t\t\t\t\t\t<div class=\"elementor-container elementor-column-gap-default\">\n\t\t\t\t\t<div class=\"elementor-column elementor-col-100 elementor-top-column elementor-element elementor-element-65b5767\" data-id=\"65b5767\" data-element_type=\"column\">\n\t\t\t<div class=\"elementor-widget-wrap elementor-element-populated\">\n\t\t\t\t\t\t<div class=\"elementor-element elementor-element-391c2e9 elementor-widget-divider--view-line elementor-widget elementor-widget-divider\" data-id=\"391c2e9\" data-element_type=\"widget\" data-widget_type=\"divider.default\">\n\t\t\t\t<div class=\"elementor-widget-container\">\n\t\t\t\t\t\t\t<div class=\"elementor-divider\">\n\t\t\t<span class=\"elementor-divider-separator\">\n\t\t\t\t\t\t<\/span>\n\t\t<\/div>\n\t\t\t\t\t\t<\/div>\n\t\t\t\t<\/div>\n\t\t\t\t<div class=\"elementor-element elementor-element-b15203f elementor-widget elementor-widget-text-editor\" data-id=\"b15203f\" data-element_type=\"widget\" data-widget_type=\"text-editor.default\">\n\t\t\t\t<div class=\"elementor-widget-container\">\n\t\t\t\t\t\t\t\t\t<p>\u00a0<\/p><p><span data-contrast=\"auto\">Remerciements \u00e0 <strong>Lasse Graubner<\/strong>, chor\u00e9graphe finaliste de cette quatri\u00e8me \u00e9dition et \u00e0 <strong>Sophie Laplane<\/strong>, ma\u00eetresse de c\u00e9r\u00e9monie.<\/span><span data-ccp-props=\"{}\">\u00a0<\/span><\/p><p>\u00a0<\/p><p><i><span data-contrast=\"auto\">Le Concours de jeunes chor\u00e9graphes de Ballet re\u00e7oit le soutien du minist\u00e8re de la Culture, de la Fondation pour la Danse Thierry Malandain &#8211; Acad\u00e9mie des beaux-arts ainsi que\u202fdu m\u00e9c\u00e9nat de la Caisse des d\u00e9p\u00f4ts et d&#8217;une m\u00e9c\u00e8ne priv\u00e9e. Les Prix ont \u00e9t\u00e9 cr\u00e9\u00e9s par Origine Ateliers \u2013 Artisans joailliers \u00e0 Biarritz.<\/span><\/i><span data-ccp-props=\"{&quot;134233117&quot;:false,&quot;134233118&quot;:false,&quot;335551550&quot;:6,&quot;335551620&quot;:6,&quot;335559738&quot;:0,&quot;335559739&quot;:0}\">\u00a0<\/span><\/p>\t\t\t\t\t\t\t\t<\/div>\n\t\t\t\t<\/div>\n\t\t\t\t\t<\/div>\n\t\t<\/div>\n\t\t\t\t\t<\/div>\n\t\t<\/section>\n\t\t\t\t<\/div>","protected":false},"excerpt":{"rendered":"<p>EDITION 2024 &#8211; BIARRITZ La finale 2024 en vid\u00e9o Avec 56 candidatures examin\u00e9es*, la quatri\u00e8me \u00e9dition du Concours de Jeunes Chor\u00e9graphes de Ballet confirme sa pertinence ainsi que l\u2019existence d\u2019un vivier prometteur de jeunes chor\u00e9graphes en France, en Europe et [&hellip;]<\/p>","protected":false},"author":3,"featured_media":0,"parent":0,"menu_order":0,"comment_status":"closed","ping_status":"closed","template":"elementor_header_footer","meta":{"footnotes":""},"class_list":["post-3456","page","type-page","status-publish","hentry"],"yoast_head":"<!-- This site is optimized with the Yoast SEO plugin v26.1 - https:\/\/yoast.com\/wordpress\/plugins\/seo\/ -->\n<title>EDITION 2024 - Concours de jeunes choregraphes<\/title>\n<meta name=\"robots\" content=\"index, follow, max-snippet:-1, max-image-preview:large, max-video-preview:-1\" \/>\n<link rel=\"canonical\" href=\"https:\/\/www.concours-de-jeunes-choregraphes.com\/en\/edition-2024\/\" \/>\n<meta property=\"og:locale\" content=\"en_GB\" \/>\n<meta property=\"og:type\" content=\"article\" \/>\n<meta property=\"og:title\" content=\"EDITION 2024 - Concours de jeunes choregraphes\" \/>\n<meta property=\"og:description\" content=\"EDITION 2024 &#8211; BIARRITZ La finale 2024 en vid\u00e9o Avec 56 candidatures examin\u00e9es*, la quatri\u00e8me \u00e9dition du Concours de Jeunes Chor\u00e9graphes de Ballet confirme sa pertinence ainsi que l\u2019existence d\u2019un vivier prometteur de jeunes chor\u00e9graphes en France, en Europe et [&hellip;]\" \/>\n<meta property=\"og:url\" content=\"https:\/\/www.concours-de-jeunes-choregraphes.com\/en\/edition-2024\/\" \/>\n<meta property=\"og:site_name\" content=\"Concours de jeunes choregraphes\" \/>\n<meta property=\"article:modified_time\" content=\"2024-09-25T10:01:23+00:00\" \/>\n<meta property=\"og:image\" content=\"https:\/\/www.concours-de-jeunes-choregraphes.com\/wp-content\/uploads\/2024\/06\/photos_concours_07-1024x576.jpg\" \/>\n<meta name=\"twitter:card\" content=\"summary_large_image\" \/>\n<meta name=\"twitter:label1\" content=\"Estimated reading time\" \/>\n\t<meta name=\"twitter:data1\" content=\"6 minutes\" \/>\n<script type=\"application\/ld+json\" class=\"yoast-schema-graph\">{\"@context\":\"https:\/\/schema.org\",\"@graph\":[{\"@type\":\"WebPage\",\"@id\":\"https:\/\/www.concours-de-jeunes-choregraphes.com\/edition-2024\/\",\"url\":\"https:\/\/www.concours-de-jeunes-choregraphes.com\/edition-2024\/\",\"name\":\"EDITION 2024 - Concours de jeunes choregraphes\",\"isPartOf\":{\"@id\":\"https:\/\/www.concours-de-jeunes-choregraphes.com\/#website\"},\"primaryImageOfPage\":{\"@id\":\"https:\/\/www.concours-de-jeunes-choregraphes.com\/edition-2024\/#primaryimage\"},\"image\":{\"@id\":\"https:\/\/www.concours-de-jeunes-choregraphes.com\/edition-2024\/#primaryimage\"},\"thumbnailUrl\":\"https:\/\/www.concours-de-jeunes-choregraphes.com\/wp-content\/uploads\/2024\/06\/photos_concours_07-1024x576.jpg\",\"datePublished\":\"2024-09-25T07:27:26+00:00\",\"dateModified\":\"2024-09-25T10:01:23+00:00\",\"breadcrumb\":{\"@id\":\"https:\/\/www.concours-de-jeunes-choregraphes.com\/edition-2024\/#breadcrumb\"},\"inLanguage\":\"en-GB\",\"potentialAction\":[{\"@type\":\"ReadAction\",\"target\":[\"https:\/\/www.concours-de-jeunes-choregraphes.com\/edition-2024\/\"]}]},{\"@type\":\"ImageObject\",\"inLanguage\":\"en-GB\",\"@id\":\"https:\/\/www.concours-de-jeunes-choregraphes.com\/edition-2024\/#primaryimage\",\"url\":\"https:\/\/www.concours-de-jeunes-choregraphes.com\/wp-content\/uploads\/2024\/06\/photos_concours_07-1024x576.jpg\",\"contentUrl\":\"https:\/\/www.concours-de-jeunes-choregraphes.com\/wp-content\/uploads\/2024\/06\/photos_concours_07-1024x576.jpg\"},{\"@type\":\"BreadcrumbList\",\"@id\":\"https:\/\/www.concours-de-jeunes-choregraphes.com\/edition-2024\/#breadcrumb\",\"itemListElement\":[{\"@type\":\"ListItem\",\"position\":1,\"name\":\"Accueil\",\"item\":\"https:\/\/www.concours-de-jeunes-choregraphes.com\/\"},{\"@type\":\"ListItem\",\"position\":2,\"name\":\"EDITION 2024\"}]},{\"@type\":\"WebSite\",\"@id\":\"https:\/\/www.concours-de-jeunes-choregraphes.com\/#website\",\"url\":\"https:\/\/www.concours-de-jeunes-choregraphes.com\/\",\"name\":\"Concours de jeunes choregraphes\",\"description\":\"\",\"publisher\":{\"@id\":\"https:\/\/www.concours-de-jeunes-choregraphes.com\/#organization\"},\"potentialAction\":[{\"@type\":\"SearchAction\",\"target\":{\"@type\":\"EntryPoint\",\"urlTemplate\":\"https:\/\/www.concours-de-jeunes-choregraphes.com\/?s={search_term_string}\"},\"query-input\":{\"@type\":\"PropertyValueSpecification\",\"valueRequired\":true,\"valueName\":\"search_term_string\"}}],\"inLanguage\":\"en-GB\"},{\"@type\":\"Organization\",\"@id\":\"https:\/\/www.concours-de-jeunes-choregraphes.com\/#organization\",\"name\":\"Concours de jeunes choregraphes\",\"url\":\"https:\/\/www.concours-de-jeunes-choregraphes.com\/\",\"logo\":{\"@type\":\"ImageObject\",\"inLanguage\":\"en-GB\",\"@id\":\"https:\/\/www.concours-de-jeunes-choregraphes.com\/#\/schema\/logo\/image\/\",\"url\":\"https:\/\/www.concours-de-jeunes-choregraphes.com\/wp-content\/uploads\/2024\/06\/concours.jpg\",\"contentUrl\":\"https:\/\/www.concours-de-jeunes-choregraphes.com\/wp-content\/uploads\/2024\/06\/concours.jpg\",\"width\":1200,\"height\":675,\"caption\":\"Concours de jeunes choregraphes\"},\"image\":{\"@id\":\"https:\/\/www.concours-de-jeunes-choregraphes.com\/#\/schema\/logo\/image\/\"}}]}<\/script>\n<!-- \/ Yoast SEO plugin. -->","yoast_head_json":{"title":"EDITION 2024 - Concours de jeunes choregraphes","robots":{"index":"index","follow":"follow","max-snippet":"max-snippet:-1","max-image-preview":"max-image-preview:large","max-video-preview":"max-video-preview:-1"},"canonical":"https:\/\/www.concours-de-jeunes-choregraphes.com\/en\/edition-2024\/","og_locale":"en_GB","og_type":"article","og_title":"EDITION 2024 - Concours de jeunes choregraphes","og_description":"EDITION 2024 &#8211; BIARRITZ La finale 2024 en vid\u00e9o Avec 56 candidatures examin\u00e9es*, la quatri\u00e8me \u00e9dition du Concours de Jeunes Chor\u00e9graphes de Ballet confirme sa pertinence ainsi que l\u2019existence d\u2019un vivier prometteur de jeunes chor\u00e9graphes en France, en Europe et [&hellip;]","og_url":"https:\/\/www.concours-de-jeunes-choregraphes.com\/en\/edition-2024\/","og_site_name":"Concours de jeunes choregraphes","article_modified_time":"2024-09-25T10:01:23+00:00","og_image":[{"url":"https:\/\/www.concours-de-jeunes-choregraphes.com\/wp-content\/uploads\/2024\/06\/photos_concours_07-1024x576.jpg","type":"","width":"","height":""}],"twitter_card":"summary_large_image","twitter_misc":{"Estimated reading time":"6 minutes"},"schema":{"@context":"https:\/\/schema.org","@graph":[{"@type":"WebPage","@id":"https:\/\/www.concours-de-jeunes-choregraphes.com\/edition-2024\/","url":"https:\/\/www.concours-de-jeunes-choregraphes.com\/edition-2024\/","name":"EDITION 2024 - Concours de jeunes choregraphes","isPartOf":{"@id":"https:\/\/www.concours-de-jeunes-choregraphes.com\/#website"},"primaryImageOfPage":{"@id":"https:\/\/www.concours-de-jeunes-choregraphes.com\/edition-2024\/#primaryimage"},"image":{"@id":"https:\/\/www.concours-de-jeunes-choregraphes.com\/edition-2024\/#primaryimage"},"thumbnailUrl":"https:\/\/www.concours-de-jeunes-choregraphes.com\/wp-content\/uploads\/2024\/06\/photos_concours_07-1024x576.jpg","datePublished":"2024-09-25T07:27:26+00:00","dateModified":"2024-09-25T10:01:23+00:00","breadcrumb":{"@id":"https:\/\/www.concours-de-jeunes-choregraphes.com\/edition-2024\/#breadcrumb"},"inLanguage":"en-GB","potentialAction":[{"@type":"ReadAction","target":["https:\/\/www.concours-de-jeunes-choregraphes.com\/edition-2024\/"]}]},{"@type":"ImageObject","inLanguage":"en-GB","@id":"https:\/\/www.concours-de-jeunes-choregraphes.com\/edition-2024\/#primaryimage","url":"https:\/\/www.concours-de-jeunes-choregraphes.com\/wp-content\/uploads\/2024\/06\/photos_concours_07-1024x576.jpg","contentUrl":"https:\/\/www.concours-de-jeunes-choregraphes.com\/wp-content\/uploads\/2024\/06\/photos_concours_07-1024x576.jpg"},{"@type":"BreadcrumbList","@id":"https:\/\/www.concours-de-jeunes-choregraphes.com\/edition-2024\/#breadcrumb","itemListElement":[{"@type":"ListItem","position":1,"name":"Accueil","item":"https:\/\/www.concours-de-jeunes-choregraphes.com\/"},{"@type":"ListItem","position":2,"name":"EDITION 2024"}]},{"@type":"WebSite","@id":"https:\/\/www.concours-de-jeunes-choregraphes.com\/#website","url":"https:\/\/www.concours-de-jeunes-choregraphes.com\/","name":"Concours de jeunes choregraphes","description":"","publisher":{"@id":"https:\/\/www.concours-de-jeunes-choregraphes.com\/#organization"},"potentialAction":[{"@type":"SearchAction","target":{"@type":"EntryPoint","urlTemplate":"https:\/\/www.concours-de-jeunes-choregraphes.com\/?s={search_term_string}"},"query-input":{"@type":"PropertyValueSpecification","valueRequired":true,"valueName":"search_term_string"}}],"inLanguage":"en-GB"},{"@type":"Organization","@id":"https:\/\/www.concours-de-jeunes-choregraphes.com\/#organization","name":"Concours de jeunes choregraphes","url":"https:\/\/www.concours-de-jeunes-choregraphes.com\/","logo":{"@type":"ImageObject","inLanguage":"en-GB","@id":"https:\/\/www.concours-de-jeunes-choregraphes.com\/#\/schema\/logo\/image\/","url":"https:\/\/www.concours-de-jeunes-choregraphes.com\/wp-content\/uploads\/2024\/06\/concours.jpg","contentUrl":"https:\/\/www.concours-de-jeunes-choregraphes.com\/wp-content\/uploads\/2024\/06\/concours.jpg","width":1200,"height":675,"caption":"Concours de jeunes choregraphes"},"image":{"@id":"https:\/\/www.concours-de-jeunes-choregraphes.com\/#\/schema\/logo\/image\/"}}]}},"_links":{"self":[{"href":"https:\/\/www.concours-de-jeunes-choregraphes.com\/en\/wp-json\/wp\/v2\/pages\/3456","targetHints":{"allow":["GET"]}}],"collection":[{"href":"https:\/\/www.concours-de-jeunes-choregraphes.com\/en\/wp-json\/wp\/v2\/pages"}],"about":[{"href":"https:\/\/www.concours-de-jeunes-choregraphes.com\/en\/wp-json\/wp\/v2\/types\/page"}],"author":[{"embeddable":true,"href":"https:\/\/www.concours-de-jeunes-choregraphes.com\/en\/wp-json\/wp\/v2\/users\/3"}],"replies":[{"embeddable":true,"href":"https:\/\/www.concours-de-jeunes-choregraphes.com\/en\/wp-json\/wp\/v2\/comments?post=3456"}],"version-history":[{"count":49,"href":"https:\/\/www.concours-de-jeunes-choregraphes.com\/en\/wp-json\/wp\/v2\/pages\/3456\/revisions"}],"predecessor-version":[{"id":3527,"href":"https:\/\/www.concours-de-jeunes-choregraphes.com\/en\/wp-json\/wp\/v2\/pages\/3456\/revisions\/3527"}],"wp:attachment":[{"href":"https:\/\/www.concours-de-jeunes-choregraphes.com\/en\/wp-json\/wp\/v2\/media?parent=3456"}],"curies":[{"name":"wp","href":"https:\/\/api.w.org\/{rel}","templated":true}]}}